{"id":2622,"date":"2020-08-25T13:49:18","date_gmt":"2020-08-25T11:49:18","guid":{"rendered":"https:\/\/www.gewandfantasien.de\/bloggen\/?page_id=2622"},"modified":"2026-03-02T19:51:01","modified_gmt":"2026-03-02T18:51:01","slug":"kleider-leihen-fuer-fotoshooting","status":"publish","type":"page","link":"https:\/\/www.gewandfantasien.de\/bloggen\/kleider-leihen-fuer-fotoshooting\/","title":{"rendered":"Kleider leihen f\u00fcr Fotoshooting"},"content":{"rendered":"\t\t<div data-elementor-type=\"wp-page\" data-elementor-id=\"2622\" class=\"elementor elementor-2622\">\n\t\t\t\t\t\t<section class=\"elementor-section elementor-top-section elementor-element elementor-element-c5223ec elementor-section-boxed elementor-section-height-default elementor-section-height-default\" data-id=\"c5223ec\" data-element_type=\"section\" data-e-type=\"section\">\n\t\t\t\t\t\t<div class=\"elementor-container elementor-column-gap-default\">\n\t\t\t\t\t<div class=\"elementor-column elementor-col-100 elementor-top-column elementor-element elementor-element-d8099a6\" data-id=\"d8099a6\" data-element_type=\"column\" data-e-type=\"column\">\n\t\t\t<div class=\"elementor-widget-wrap elementor-element-populated\">\n\t\t\t\t\t\t<div class=\"elementor-element elementor-element-003a903 elementor-widget elementor-widget-heading\" data-id=\"003a903\" data-element_type=\"widget\" data-e-type=\"widget\" data-widget_type=\"heading.default\">\n\t\t\t\t<div class=\"elementor-widget-container\">\n\t\t\t\t\t<h2 class=\"elementor-heading-title elementor-size-default\">Kleiderverleih f\u00fcr Fotoshootings<\/h2>\t\t\t\t<\/div>\n\t\t\t\t<\/div>\n\t\t\t\t\t<\/div>\n\t\t<\/div>\n\t\t\t\t\t<\/div>\n\t\t<\/section>\n\t\t\t\t<section class=\"elementor-section elementor-top-section elementor-element elementor-element-d6433bc elementor-section-boxed elementor-section-height-default elementor-section-height-default\" data-id=\"d6433bc\" data-element_type=\"section\" data-e-type=\"section\">\n\t\t\t\t\t\t<div class=\"elementor-container elementor-column-gap-default\">\n\t\t\t\t\t<div class=\"elementor-column elementor-col-100 elementor-top-column elementor-element elementor-element-77bfa43\" data-id=\"77bfa43\" data-element_type=\"column\" data-e-type=\"column\">\n\t\t\t<div class=\"elementor-widget-wrap elementor-element-populated\">\n\t\t\t\t\t\t<div class=\"elementor-element elementor-element-3c51ff3 elementor-widget elementor-widget-text-editor\" data-id=\"3c51ff3\" data-element_type=\"widget\" data-e-type=\"widget\" data-widget_type=\"text-editor.default\">\n\t\t\t\t<div class=\"elementor-widget-container\">\n\t\t\t\t\t\t\t\t\t<p>Du m\u00f6chtest gerne eines meiner Kleider leihen, um es in einem Fotoshooting zu nutzen? Auf dieser Seite findest du alle Kleider, die f\u00fcr diesen Zweck aktuell zur Verf\u00fcgung stehen.\u00a0<\/p><p>Ebenso findest du hier die Bedingungen, unter denen ich die Kleider verleihe, und die Preise f\u00fcr den Verleih.\u00a0<\/p><p>Wenn du ein oder mehrere Kleider leihen m\u00f6chtest, <a href=\"mailto:andrea@gewandfantasien?subject=Kleid%20ausleihen%20f%C3%BCr%20Photoshooting\">schreib mir bitte eine Mail<\/a> mit der Angabe der Kleider, Art des Verleihs (mit Fotos f\u00fcr mich oder rein Pay) und der Ausleihzeit und Ausleihdauer. Bei Kleidern mit Kaution muss ich auch die Shooting-Eckdaten wissen (Einzelshooting oder Shootingevent, Art des Shootings, Indoor\/Outdoor, Beteiligung Tiere, sonstige Faktoren f\u00fcr das Kleid)<\/p>\t\t\t\t\t\t\t\t<\/div>\n\t\t\t\t<\/div>\n\t\t\t\t\t<\/div>\n\t\t<\/div>\n\t\t\t\t\t<\/div>\n\t\t<\/section>\n\t\t\t\t<section class=\"elementor-section elementor-top-section elementor-element elementor-element-ec0c42b elementor-section-boxed elementor-section-height-default elementor-section-height-default\" data-id=\"ec0c42b\" data-element_type=\"section\" data-e-type=\"section\">\n\t\t\t\t\t\t<div class=\"elementor-container elementor-column-gap-default\">\n\t\t\t\t\t<div class=\"elementor-column elementor-col-100 elementor-top-column elementor-element elementor-element-1b700a1\" data-id=\"1b700a1\" data-element_type=\"column\" data-e-type=\"column\">\n\t\t\t<div class=\"elementor-widget-wrap elementor-element-populated\">\n\t\t\t\t\t\t<div class=\"elementor-element elementor-element-e809983 elementor-tabs-view-horizontal elementor-widget elementor-widget-tabs\" data-id=\"e809983\" data-element_type=\"widget\" data-e-type=\"widget\" data-widget_type=\"tabs.default\">\n\t\t\t\t<div class=\"elementor-widget-container\">\n\t\t\t\t\t\t\t<div class=\"elementor-tabs\">\n\t\t\t<div class=\"elementor-tabs-wrapper\" role=\"tablist\" >\n\t\t\t\t\t\t\t\t\t<div id=\"elementor-tab-title-2431\" class=\"elementor-tab-title elementor-tab-desktop-title\" aria-selected=\"true\" data-tab=\"1\" role=\"tab\" tabindex=\"0\" aria-controls=\"elementor-tab-content-2431\" aria-expanded=\"false\">Informationen<\/div>\n\t\t\t\t\t\t\t\t\t<div id=\"elementor-tab-title-2432\" class=\"elementor-tab-title elementor-tab-desktop-title\" aria-selected=\"false\" data-tab=\"2\" role=\"tab\" tabindex=\"-1\" aria-controls=\"elementor-tab-content-2432\" aria-expanded=\"false\">Preise<\/div>\n\t\t\t\t\t\t\t\t\t<div id=\"elementor-tab-title-2433\" class=\"elementor-tab-title elementor-tab-desktop-title\" aria-selected=\"false\" data-tab=\"3\" role=\"tab\" tabindex=\"-1\" aria-controls=\"elementor-tab-content-2433\" aria-expanded=\"false\">Bedingungen<\/div>\n\t\t\t\t\t\t\t<\/div>\n\t\t\t<div class=\"elementor-tabs-content-wrapper\" role=\"tablist\" aria-orientation=\"vertical\">\n\t\t\t\t\t\t\t\t\t<div class=\"elementor-tab-title elementor-tab-mobile-title\" aria-selected=\"true\" data-tab=\"1\" role=\"tab\" tabindex=\"0\" aria-controls=\"elementor-tab-content-2431\" aria-expanded=\"false\">Informationen<\/div>\n\t\t\t\t\t<div id=\"elementor-tab-content-2431\" class=\"elementor-tab-content elementor-clearfix\" data-tab=\"1\" role=\"tabpanel\" aria-labelledby=\"elementor-tab-title-2431\" tabindex=\"0\" hidden=\"false\"><h4>Gr\u00f6\u00dfe<\/h4><p>Angaben zur Kleidergr\u00f6\u00dfe findest du immer direkt bei den Kleidern.\u00a0<\/p><p>Solange nichts anderes angegeben ist, haben die Kleider eine L\u00e4nge von ca. 150cm. Das passt gut f\u00fcr eine K\u00f6rpergr\u00f6\u00dfe von 165-175cm.\u00a0<\/p><h4>Details zu Schnitt und Material<\/h4><p>Wichtige Details zum Kleid findest du auch jeweils direkt bei den Kleidern.\u00a0<\/p><\/div>\n\t\t\t\t\t\t\t\t\t<div class=\"elementor-tab-title elementor-tab-mobile-title\" aria-selected=\"false\" data-tab=\"2\" role=\"tab\" tabindex=\"-1\" aria-controls=\"elementor-tab-content-2432\" aria-expanded=\"false\">Preise<\/div>\n\t\t\t\t\t<div id=\"elementor-tab-content-2432\" class=\"elementor-tab-content elementor-clearfix\" data-tab=\"2\" role=\"tabpanel\" aria-labelledby=\"elementor-tab-title-2432\" tabindex=\"0\" hidden=\"hidden\"><h4>Preise<\/h4><p>Der Preis bezieht sich immer auf eine Woche. Bei l\u00e4ngeren Zeiten und wenn du mehrere Kleider leihen m\u00f6chtest, kann ich die Preise noch etwas anpassen.<\/p><p>Alle Preise verstehen sich inklusive Mehrwertsteuer. Du bekommst eine Rechnung mit ausgewiesener Mehrwertsteuer.\u00a0<\/p><p>Bei jedem Kleid findest du zwei Preisangaben. Der g\u00fcnstigere Preis beinhaltet Bilder f\u00fcr mich, die ich unter Nennung aller Beteiligten f\u00fcr meine Eigenwerbung nutzen kann. Gleichzeitig verpflichtest du dich, mich bei allen Ver\u00f6ffentlichungen als Designer zu nennen. Dies gilt f\u00fcr alle Beteiligten am Shooting<\/p><h4>Kaution<\/h4><p>Bei manchen Kleidern ist eine Kaution f\u00e4llig. Dies ist jeweils beim Kleid vermerkt. Die Kaution wird erstattet, sobald das Kleid frei von Sch\u00e4den wieder bei mir ist.\u00a0<\/p><h4>TfP<\/h4><p>Die hier gelisteten Kleider verleihe ich nur noch bei besonders guten Ideen auf TfP (Time for Pictures).\u00a0<\/p><p>Ich habe grunds\u00e4tzlich schon genug Bilder und auch viele verschiedene Varianten. Deine Idee sollte daher wirklich au\u00dfergew\u00f6hnlich sein und du solltest sie auch auf hohem Niveau umsetzen k\u00f6nnen.\u00a0<\/p><p>Mehr zu dem Thema <a href=\"https:\/\/www.gewandfantasien.de\/bloggen\/2018\/04\/shooting-auf-tfp\/\">TfP findest du in diesem Beitrag<\/a>.\u00a0<\/p><h4>Versand<\/h4><p>Die Preise sind immer zus\u00e4tzlich Versand. Du tr\u00e4gst sowohl die Versandkosten zu dir hin als auch zur\u00fcck zu mir. Der Versand sollte versichert und nachverfolgbar erfolgen.\u00a0<\/p><\/div>\n\t\t\t\t\t\t\t\t\t<div class=\"elementor-tab-title elementor-tab-mobile-title\" aria-selected=\"false\" data-tab=\"3\" role=\"tab\" tabindex=\"-1\" aria-controls=\"elementor-tab-content-2433\" aria-expanded=\"false\">Bedingungen<\/div>\n\t\t\t\t\t<div id=\"elementor-tab-content-2433\" class=\"elementor-tab-content elementor-clearfix\" data-tab=\"3\" role=\"tabpanel\" aria-labelledby=\"elementor-tab-title-2433\" tabindex=\"0\" hidden=\"hidden\"><h4>Vorkasse<\/h4><p>Der Verleih erfolgt grunds\u00e4tzlich nur gegen Vorkasse. Die Bezahlung per \u00dcberweisung oder per PayPal m\u00f6glich.\u00a0<\/p><h4>Vertragsparter<\/h4><p>Ich schlie\u00dfe mit einer Person einen Vertrag ab, die dann auch mir gegen\u00fcber verantwortlich ist f\u00fcr Sch\u00e4den oder Verlust.\u00a0<\/p><h4>Zustand der Kleider<\/h4><p>Der aktuelle Zustand der Kleider ist bei dem jeweiligen Kleid vermerkt. Er ist auch Bestandteil des Vertrages.\u00a0<\/p><h4>Ver\u00e4nderungen am Kleid<\/h4><p>Das Kleid darf nicht dauerhaft ver\u00e4ndert werden. Das umfasst unter anderem:<\/p><ul><li>k\u00fcrzen des Kleides<\/li><li>dauerhaftes enger n\u00e4hen oder weiter machen<\/li><li>anmalen<\/li><li>altern lassen<\/li><li>vors\u00e4tzlich Sch\u00e4den zuf\u00fcgen (Trash the Dress)<\/li><\/ul><h4>Sorgfalt beim Shooting<\/h4><p>Beim Shooting ist darauf zu achten, dass das Kleid nicht besch\u00e4digt wird. Dementsprechend sind alle Shootings ausgeschlossen, die absehbar zu Sch\u00e4den am Kleid f\u00fchren.\u00a0<\/p><p>Ebenfalls sollte im Kleid nichts gegessen oder getrunken werden, das zu Flecken f\u00fchren kann.<\/p><p>Rauchen ist ausgeschlossen.\u00a0<\/p><h4>Meldung von Sch\u00e4den<\/h4><p>Wenn doch ein Schaden am Kleid entsteht, ist dieser an mich zu melden. Sollte Deko abgehen, ist diese auf jeden Fall soweit m\u00f6glich einzusammeln und mit dem Kleid zur\u00fcck zu senden.\u00a0<\/p><p>Werden offensichtliche Sch\u00e4den verschwiegen, verleihe ich keine weiteren Kleider mehr an die betreffende Person.\u00a0<\/p><h4>Reinigung<\/h4><p>Die Reinigung erfolgt durch mit. Ausgenommen sind Flecken, die einmal getrocknet nicht mehr raus gehen. In diesem Fall bitte mich direkt verst\u00e4ndigen, dann gebe ich Anweisungen, wie der Fleck zu behandeln ist.\u00a0<\/p><h4>Verleih zu anderen Zwecken als Shooting<\/h4><p>Ich verleihe die Kleider grunds\u00e4tzlich nur f\u00fcr Shootings. Ein Verleih f\u00fcr Conventions, LARP, Parties und Feiern ist ausgeschlossen.\u00a0<\/p><\/div>\n\t\t\t\t\t\t\t<\/div>\n\t\t<\/div>\n\t\t\t\t\t\t<\/div>\n\t\t\t\t<\/div>\n\t\t\t\t\t<\/div>\n\t\t<\/div>\n\t\t\t\t\t<\/div>\n\t\t<\/section>\n\t\t\t\t<section class=\"elementor-section elementor-top-section elementor-element elementor-element-b0ac31c elementor-section-boxed elementor-section-height-default elementor-section-height-default\" data-id=\"b0ac31c\" data-element_type=\"section\" data-e-type=\"section\">\n\t\t\t\t\t\t<div class=\"elementor-container elementor-column-gap-default\">\n\t\t\t\t\t<div class=\"elementor-column elementor-col-100 elementor-top-column elementor-element elementor-element-a7d75b3\" data-id=\"a7d75b3\" data-element_type=\"column\" data-e-type=\"column\">\n\t\t\t<div class=\"elementor-widget-wrap elementor-element-populated\">\n\t\t\t\t\t\t<div class=\"elementor-element elementor-element-43c820a elementor-widget elementor-widget-heading\" data-id=\"43c820a\" data-element_type=\"widget\" data-e-type=\"widget\" data-widget_type=\"heading.default\">\n\t\t\t\t<div class=\"elementor-widget-container\">\n\t\t\t\t\t<h2 class=\"elementor-heading-title elementor-size-default\">Verf\u00fcgbare Kleider<\/h2>\t\t\t\t<\/div>\n\t\t\t\t<\/div>\n\t\t\t\t\t<\/div>\n\t\t<\/div>\n\t\t\t\t\t<\/div>\n\t\t<\/section>\n\t\t\t\t<section class=\"elementor-section elementor-top-section elementor-element elementor-element-90db4e0 elementor-section-boxed elementor-section-height-default elementor-section-height-default\" data-id=\"90db4e0\" data-element_type=\"section\" data-e-type=\"section\">\n\t\t\t\t\t\t<div class=\"elementor-container elementor-column-gap-default\">\n\t\t\t\t\t<div class=\"elementor-column elementor-col-100 elementor-top-column elementor-element elementor-element-09d7901\" data-id=\"09d7901\" data-element_type=\"column\" data-e-type=\"column\">\n\t\t\t<div class=\"elementor-widget-wrap elementor-element-populated\">\n\t\t\t\t\t\t<div class=\"elementor-element elementor-element-8795c63 elementor-widget elementor-widget-text-editor\" data-id=\"8795c63\" data-element_type=\"widget\" data-e-type=\"widget\" data-widget_type=\"text-editor.default\">\n\t\t\t\t<div class=\"elementor-widget-container\">\n\t\t\t\t\t\t\t\t\t<p>Alle Preise verstehen sich inkl. MWSt. und exklusive Versand.&nbsp;<\/p>\n<p>Alle weiteren Infos gibt es beim Klick auf das jeweilige Bild.&nbsp;<\/p>\t\t\t\t\t\t\t\t<\/div>\n\t\t\t\t<\/div>\n\t\t\t\t\t<\/div>\n\t\t<\/div>\n\t\t\t\t\t<\/div>\n\t\t<\/section>\n\t\t\t\t<section class=\"elementor-section elementor-top-section elementor-element elementor-element-fc64f8d elementor-section-boxed elementor-section-height-default elementor-section-height-default\" data-id=\"fc64f8d\" data-element_type=\"section\" data-e-type=\"section\">\n\t\t\t\t\t\t<div class=\"elementor-container elementor-column-gap-default\">\n\t\t\t\t\t<div class=\"elementor-column elementor-col-33 elementor-top-column elementor-element elementor-element-17151b9\" data-id=\"17151b9\" data-element_type=\"column\" data-e-type=\"column\">\n\t\t\t<div class=\"elementor-widget-wrap elementor-element-populated\">\n\t\t\t\t\t\t<div class=\"elementor-element elementor-element-3e7106b eael-flipbox-content-align-center eael-flipbox-img-default elementor-widget elementor-widget-eael-flip-box\" data-id=\"3e7106b\" data-element_type=\"widget\" data-e-type=\"widget\" data-widget_type=\"eael-flip-box.default\">\n\t\t\t\t<div class=\"elementor-widget-container\">\n\t\t\t\t\t        <div class=\"eael-elements-flip-box-container eael-animate-flip eael-animate-fade-in eael-content eael-flip-box-hover eael-flipbox-fixed-height eael-flipbox-dynamic\">\n\n            <div class=\"eael-elements-flip-box-flip-card\">\n                <div class=\"eael-elements-flip-box-front-container\">\n                    \n                    \n                        <div class=\"eael-elements-slider-display-table\">\n                            <div class=\"eael-elements-flip-box-vertical-align\">\n                                <div class=\"eael-elements-flip-box-padding\">\n                                    <div class=\"eael-elements-flip-box-icon-image\">\n                                                                                    <img decoding=\"async\" class=\"eael-flipbox-image-as-icon\" src=\"https:\/\/www.gewandfantasien.de\/bloggen\/wp-content\/uploads\/2019\/01\/arwen-cranberry-dress_gewandfantasien_la-esmeralda_silver-pearl-photography_a-mon-seul-desir_1_web-1.jpg\" alt=\"Arwen Cranberry Kleid - Model La Esmeralda - Fotografin Silver Pearl Photography - Schmuck: A mon seul desir\">\n                                                                            <\/div>\n                                    <h3 class=\"eael-elements-flip-box-heading\">Elbenkleid Arwen<\/h3>                                    <div class=\"eael-elements-flip-box-content\">\n\t                                    <p>Gr\u00f6\u00dfe S-XL<\/p>                                    <\/div>\n                                <\/div>\n                            <\/div>\n                        <\/div>\n                                    <\/div>\n\n                <div class=\"eael-elements-flip-box-rear-container\">\n                                                                <div class=\"eael-elements-slider-display-table\">\n                            <div class=\"eael-elements-flip-box-vertical-align\">\n                                <div class=\"eael-elements-flip-box-padding\">\n                                                                                                            <h3 class=\"eael-elements-flip-box-heading\">Elbenkleid Arwen<\/h3>\n                                                                        <div class=\"eael-elements-flip-box-content\">\n                                        <p>Klassisches Elbenkleid (Herr der Ringe-Stil) aus dunkelrotem Stretchsamt, aufwendig bestickt. Das Kleid ist tailliert und hat eine Schleppe<\/p><p><b>Preis:<\/b><\/p><p>70 EUR \/ Woche mit Fotos<\/p><p>90 EUR \/ Woche ohne Fotos<\/p><p>jeweils zzgl. Versand<\/p><p><b>Kaution:<\/b><\/p><p>je nach Shooting notwendig.\u00a0<\/p><p><em>Credits:<\/em><br \/><em>Model: <a href=\"https:\/\/www.facebook.com\/Alternative.Model.La.Esmeralda\">La Esmeralda<\/a><br \/>Fotograf: <a href=\"https:\/\/www.facebook.com\/SilverPearlPhotography\">Silver Pearl Photography<\/a><br \/>Schmuck: <a href=\"https:\/\/www.facebook.com\/AMonSeulDesirBoutique\">A mon seul desir<\/a><\/em><\/p>                                    <\/div>\n\n                                                                    <\/div>\n                            <\/div>\n                        <\/div>\n                                    <\/div>\n            <\/div>\n        <\/div>\n        \t\t\t\t<\/div>\n\t\t\t\t<\/div>\n\t\t\t\t\t<\/div>\n\t\t<\/div>\n\t\t\t\t<div class=\"elementor-column elementor-col-33 elementor-top-column elementor-element elementor-element-e113141\" data-id=\"e113141\" data-element_type=\"column\" data-e-type=\"column\">\n\t\t\t<div class=\"elementor-widget-wrap elementor-element-populated\">\n\t\t\t\t\t\t<div class=\"elementor-element elementor-element-a3ca998 eael-flipbox-content-align-center eael-flipbox-img-default elementor-widget elementor-widget-eael-flip-box\" data-id=\"a3ca998\" data-element_type=\"widget\" data-e-type=\"widget\" data-widget_type=\"eael-flip-box.default\">\n\t\t\t\t<div class=\"elementor-widget-container\">\n\t\t\t\t\t        <div class=\"eael-elements-flip-box-container eael-animate-flip eael-animate-fade-in eael-content eael-flip-box-hover eael-flipbox-fixed-height eael-flipbox-dynamic\">\n\n            <div class=\"eael-elements-flip-box-flip-card\">\n                <div class=\"eael-elements-flip-box-front-container\">\n                    \n                    \n                        <div class=\"eael-elements-slider-display-table\">\n                            <div class=\"eael-elements-flip-box-vertical-align\">\n                                <div class=\"eael-elements-flip-box-padding\">\n                                    <div class=\"eael-elements-flip-box-icon-image\">\n                                                                                    <img decoding=\"async\" class=\"eael-flipbox-image-as-icon\" src=\"https:\/\/www.gewandfantasien.de\/bloggen\/wp-content\/uploads\/2019\/01\/elbenkleid-vana_alla-schmidt_lightart-jw-fotografie1.jpg\" alt=\"Elbenkleid Vana\">\n                                                                            <\/div>\n                                    <h3 class=\"eael-elements-flip-box-heading\">Elbenkleid Vana<\/h3>                                    <div class=\"eael-elements-flip-box-content\">\n\t                                    <p>Gr\u00f6\u00dfe 34-38<\/p>                                    <\/div>\n                                <\/div>\n                            <\/div>\n                        <\/div>\n                                    <\/div>\n\n                <div class=\"eael-elements-flip-box-rear-container\">\n                                                                <div class=\"eael-elements-slider-display-table\">\n                            <div class=\"eael-elements-flip-box-vertical-align\">\n                                <div class=\"eael-elements-flip-box-padding\">\n                                                                                                            <h3 class=\"eael-elements-flip-box-heading\">Elbenkleid Vana<\/h3>\n                                                                        <div class=\"eael-elements-flip-box-content\">\n                                        <p style=\"text-align: left\">Klassisches Elbenkleid aus Stretchsamt in jeansblau und Chiffon in ivory. Verziert mit Spitze am Ausschnitt und den Oberarmen. Das Kleid ist tailliert geschnitten und hat eine Schleppe.\u00a0<\/p><p><b>Preis:<\/b><\/p><p>70 EUR \/ Woche mit Fotos<br \/>90 EUR \/ Woche ohne Fotos<\/p><p>jeweils zzgl. Versand<\/p><p><b>Kaution:<\/b>\u00a0<\/p><p>je nach Shooting notwendig. Bitte im Einzelnen kl\u00e4ren.\u00a0<\/p><p><i>Credits:<\/i><br \/>Model: Alla Schmidt<\/p><p>Foto: <a href=\"https:\/\/www.facebook.com\/lightartJWfotografie\/\" target=\"_blank\" rel=\"noopener\">Lightart JW Fotografie<\/a><\/p>                                    <\/div>\n\n                                                                    <\/div>\n                            <\/div>\n                        <\/div>\n                                    <\/div>\n            <\/div>\n        <\/div>\n        \t\t\t\t<\/div>\n\t\t\t\t<\/div>\n\t\t\t\t\t<\/div>\n\t\t<\/div>\n\t\t\t\t<div class=\"elementor-column elementor-col-33 elementor-top-column elementor-element elementor-element-bda6569\" data-id=\"bda6569\" data-element_type=\"column\" data-e-type=\"column\">\n\t\t\t<div class=\"elementor-widget-wrap elementor-element-populated\">\n\t\t\t\t\t\t<div class=\"elementor-element elementor-element-a581ee2 eael-flipbox-content-align-center eael-flipbox-img-default elementor-widget elementor-widget-eael-flip-box\" data-id=\"a581ee2\" data-element_type=\"widget\" data-e-type=\"widget\" data-widget_type=\"eael-flip-box.default\">\n\t\t\t\t<div class=\"elementor-widget-container\">\n\t\t\t\t\t        <div class=\"eael-elements-flip-box-container eael-animate-flip eael-animate-fade-in eael-content eael-flip-box-hover eael-flipbox-fixed-height eael-flipbox-dynamic\">\n\n            <div class=\"eael-elements-flip-box-flip-card\">\n                <div class=\"eael-elements-flip-box-front-container\">\n                    \n                    \n                        <div class=\"eael-elements-slider-display-table\">\n                            <div class=\"eael-elements-flip-box-vertical-align\">\n                                <div class=\"eael-elements-flip-box-padding\">\n                                    <div class=\"eael-elements-flip-box-icon-image\">\n                                                                                    <img decoding=\"async\" class=\"eael-flipbox-image-as-icon\" src=\"https:\/\/www.gewandfantasien.de\/bloggen\/wp-content\/uploads\/2019\/01\/luthien-tinuviel-elbenkleid-gewandfantasien_hachiko-cosplay_ruffys-fotografie4.jpg\" alt=\"\">\n                                                                            <\/div>\n                                    <h3 class=\"eael-elements-flip-box-heading\">Elbenkleid Luthien<\/h3>                                    <div class=\"eael-elements-flip-box-content\">\n\t                                    <p>Gr\u00f6\u00dfe 34\/36<\/p>                                    <\/div>\n                                <\/div>\n                            <\/div>\n                        <\/div>\n                                    <\/div>\n\n                <div class=\"eael-elements-flip-box-rear-container\">\n                                                                <div class=\"eael-elements-slider-display-table\">\n                            <div class=\"eael-elements-flip-box-vertical-align\">\n                                <div class=\"eael-elements-flip-box-padding\">\n                                                                                                            <h3 class=\"eael-elements-flip-box-heading\">Elbenkleid Luthien<\/h3>\n                                                                        <div class=\"eael-elements-flip-box-content\">\n                                        <h4><strong>Elbenkleid Luthien\u00a0<\/strong><\/h4><p>dreiteiliges Kleid aus G\u00fcrtel und tailliertem Unterkleid mit Schleppe und Stickerei aus Bouretteseide.\u00a0<br \/>Mantel aus hellblauem Baumwollsamt mit Stickerei<\/p><p><strong>Preis:<\/strong><\/p><p>70 EUR \/ Woche mit Fotos<\/p><p>90 EUR \/ Woche ohne Fotos<\/p><p>jeweils zzgl. Versand<\/p><p><strong>Kaution:<\/strong><\/p><p>je nach Shooting notwendig.\u00a0<\/p><p><em>credits:<\/em><br \/><em>Model: <a href=\"https:\/\/www.facebook.com\/hachikocosplay\/\">Hachiko Cosplay<\/a><\/em><br \/><em>Fotograf: <a href=\"https:\/\/www.facebook.com\/Ruffysfotografie\/\">Ruffys Fotografie<\/a><\/em><\/p>                                    <\/div>\n\n                                                                    <\/div>\n                            <\/div>\n                        <\/div>\n                                    <\/div>\n            <\/div>\n        <\/div>\n        \t\t\t\t<\/div>\n\t\t\t\t<\/div>\n\t\t\t\t\t<\/div>\n\t\t<\/div>\n\t\t\t\t\t<\/div>\n\t\t<\/section>\n\t\t\t\t<section class=\"elementor-section elementor-top-section elementor-element elementor-element-defe174 elementor-section-boxed elementor-section-height-default elementor-section-height-default\" data-id=\"defe174\" data-element_type=\"section\" data-e-type=\"section\">\n\t\t\t\t\t\t<div class=\"elementor-container elementor-column-gap-default\">\n\t\t\t\t\t<div class=\"elementor-column elementor-col-33 elementor-top-column elementor-element elementor-element-07dd344\" data-id=\"07dd344\" data-element_type=\"column\" data-e-type=\"column\">\n\t\t\t<div class=\"elementor-widget-wrap elementor-element-populated\">\n\t\t\t\t\t\t<div class=\"elementor-element elementor-element-2415215 eael-flipbox-content-align-center eael-flipbox-img-default elementor-widget elementor-widget-eael-flip-box\" data-id=\"2415215\" data-element_type=\"widget\" data-e-type=\"widget\" data-widget_type=\"eael-flip-box.default\">\n\t\t\t\t<div class=\"elementor-widget-container\">\n\t\t\t\t\t        <div class=\"eael-elements-flip-box-container eael-animate-flip eael-animate-fade-in eael-content eael-flip-box-hover eael-flipbox-fixed-height eael-flipbox-dynamic\">\n\n            <div class=\"eael-elements-flip-box-flip-card\">\n                <div class=\"eael-elements-flip-box-front-container\">\n                    \n                    \n                        <div class=\"eael-elements-slider-display-table\">\n                            <div class=\"eael-elements-flip-box-vertical-align\">\n                                <div class=\"eael-elements-flip-box-padding\">\n                                    <div class=\"eael-elements-flip-box-icon-image\">\n                                                                                    <img decoding=\"async\" class=\"eael-flipbox-image-as-icon\" src=\"https:\/\/www.gewandfantasien.de\/bloggen\/wp-content\/uploads\/2020\/08\/ceres-gewandfantasien_monono-cosplay_fantastic-people-pictures.jpg\" alt=\"Ceres Mittelalterkleid Verleih\">\n                                                                            <\/div>\n                                    <h3 class=\"eael-elements-flip-box-heading\">Mittelalterkleid Ceres<\/h3>                                    <div class=\"eael-elements-flip-box-content\">\n\t                                    <p>Gr\u00f6\u00dfe S\/M<\/p>                                    <\/div>\n                                <\/div>\n                            <\/div>\n                        <\/div>\n                                    <\/div>\n\n                <div class=\"eael-elements-flip-box-rear-container\">\n                                                                <div class=\"eael-elements-slider-display-table\">\n                            <div class=\"eael-elements-flip-box-vertical-align\">\n                                <div class=\"eael-elements-flip-box-padding\">\n                                                                                                            <h3 class=\"eael-elements-flip-box-heading\">Mittelalterkleid Ceres<\/h3>\n                                                                        <div class=\"eael-elements-flip-box-content\">\n                                        <p style=\"text-align: left\">mit zwei G\u00fcrtelarten (Bindeg\u00fcrtel und Obi-Stil).<\/p><p style=\"text-align: left\">Kleid aus Baumwolle in dunkelgr\u00fcn mit Borte in blau- und lilat\u00f6nen. Obi-G\u00fcrtel aus Kunstleder in dunkelbraun. Max. 100cm Brustumfang und 33cm Oberarm<\/p><p style=\"text-align: left\"><b>Preis:<\/b>\u00a0<\/p><p style=\"text-align: left\">30 EUR\/Woche mit Fotos<br \/>45 EUR\/Woche ohne Fotos<br \/>jeweils zzgl. Versand<\/p><p style=\"text-align: left\"><b>Kaution:<\/b><\/p><p style=\"text-align: left\">nein<\/p><p style=\"text-align: left\"><i>Credits:<\/i><br \/>Model &amp; Schmuck: <a href=\"https:\/\/www.facebook.com\/mononocreativearts\/\" target=\"_blank\" rel=\"noopener\">Monono Creative Arts<\/a><br \/>Foto: <a href=\"https:\/\/www.facebook.com\/FantasticPeoplePictures\/\" target=\"_blank\" rel=\"noopener\">Fantastic People Pictures<\/a><\/p>                                    <\/div>\n\n                                                                    <\/div>\n                            <\/div>\n                        <\/div>\n                                    <\/div>\n            <\/div>\n        <\/div>\n        \t\t\t\t<\/div>\n\t\t\t\t<\/div>\n\t\t\t\t\t<\/div>\n\t\t<\/div>\n\t\t\t\t<div class=\"elementor-column elementor-col-33 elementor-top-column elementor-element elementor-element-c3d6f43\" data-id=\"c3d6f43\" data-element_type=\"column\" data-e-type=\"column\">\n\t\t\t<div class=\"elementor-widget-wrap elementor-element-populated\">\n\t\t\t\t\t\t<div class=\"elementor-element elementor-element-77d2af5 eael-flipbox-content-align-center eael-flipbox-img-default elementor-widget elementor-widget-eael-flip-box\" data-id=\"77d2af5\" data-element_type=\"widget\" data-e-type=\"widget\" data-widget_type=\"eael-flip-box.default\">\n\t\t\t\t<div class=\"elementor-widget-container\">\n\t\t\t\t\t        <div class=\"eael-elements-flip-box-container eael-animate-flip eael-animate-fade-in eael-content eael-flip-box-hover eael-flipbox-fixed-height eael-flipbox-dynamic\">\n\n            <div class=\"eael-elements-flip-box-flip-card\">\n                <div class=\"eael-elements-flip-box-front-container\">\n                    \n                    \n                        <div class=\"eael-elements-slider-display-table\">\n                            <div class=\"eael-elements-flip-box-vertical-align\">\n                                <div class=\"eael-elements-flip-box-padding\">\n                                    <div class=\"eael-elements-flip-box-icon-image\">\n                                                                                    <img decoding=\"async\" class=\"eael-flipbox-image-as-icon\" src=\"https:\/\/www.gewandfantasien.de\/bloggen\/wp-content\/uploads\/2021\/01\/rote-priesterin_gewandfantasien_vanna-seelenspiegel_focal-fox_004_web.jpg\" alt=\"Mittelalterkleid rote Priesterin\">\n                                                                            <\/div>\n                                    <h3 class=\"eael-elements-flip-box-heading\">Mittelalterkleid rote Priesterin<\/h3>                                    <div class=\"eael-elements-flip-box-content\">\n\t                                    <p>Gr\u00f6\u00dfe S\/M<\/p>                                    <\/div>\n                                <\/div>\n                            <\/div>\n                        <\/div>\n                                    <\/div>\n\n                <div class=\"eael-elements-flip-box-rear-container\">\n                                                                <div class=\"eael-elements-slider-display-table\">\n                            <div class=\"eael-elements-flip-box-vertical-align\">\n                                <div class=\"eael-elements-flip-box-padding\">\n                                                                                                            <h3 class=\"eael-elements-flip-box-heading\">Kleid rote Priesterin<\/h3>\n                                                                        <div class=\"eael-elements-flip-box-content\">\n                                        <p style=\"text-align: left\">Mittelalterkleid mit R\u00fcckenschn\u00fcrung und langen \u00c4rmeln, kleine Schleppe. Max 100cm Brustumfang<\/p><p><strong>Preis:<\/strong><\/p><p style=\"text-align: left\">30 EUR\/Woche mit Fotos<br \/>45 EUR\/Woche ohne Fotos<br \/>jeweils zzgl. Versand<\/p><p><strong>Kaution<\/strong><\/p><p>keine<\/p><p>Credits<br \/>Model: <a href=\"https:\/\/www.facebook.com\/VannaSeelenspiegel\/\">Vanna Seelenspiegel<\/a><br \/>Fotografin: <a href=\"https:\/\/www.facebook.com\/focalfox1\">Focal Fox<\/a><\/p>                                    <\/div>\n\n                                                                    <\/div>\n                            <\/div>\n                        <\/div>\n                                    <\/div>\n            <\/div>\n        <\/div>\n        \t\t\t\t<\/div>\n\t\t\t\t<\/div>\n\t\t\t\t\t<\/div>\n\t\t<\/div>\n\t\t\t\t<div class=\"elementor-column elementor-col-33 elementor-top-column elementor-element elementor-element-1bd705b\" data-id=\"1bd705b\" data-element_type=\"column\" data-e-type=\"column\">\n\t\t\t<div class=\"elementor-widget-wrap\">\n\t\t\t\t\t\t\t<\/div>\n\t\t<\/div>\n\t\t\t\t\t<\/div>\n\t\t<\/section>\n\t\t\t\t<section class=\"elementor-section elementor-top-section elementor-element elementor-element-ef19242 elementor-section-boxed elementor-section-height-default elementor-section-height-default\" data-id=\"ef19242\" data-element_type=\"section\" data-e-type=\"section\">\n\t\t\t\t\t\t<div class=\"elementor-container elementor-column-gap-default\">\n\t\t\t\t\t<div class=\"elementor-column elementor-col-33 elementor-top-column elementor-element elementor-element-120f9f5\" data-id=\"120f9f5\" data-element_type=\"column\" data-e-type=\"column\">\n\t\t\t<div class=\"elementor-widget-wrap\">\n\t\t\t\t\t\t\t<\/div>\n\t\t<\/div>\n\t\t\t\t<div class=\"elementor-column elementor-col-33 elementor-top-column elementor-element elementor-element-9d2fe8e\" data-id=\"9d2fe8e\" data-element_type=\"column\" data-e-type=\"column\">\n\t\t\t<div class=\"elementor-widget-wrap\">\n\t\t\t\t\t\t\t<\/div>\n\t\t<\/div>\n\t\t\t\t<div class=\"elementor-column elementor-col-33 elementor-top-column elementor-element elementor-element-e06eb34\" data-id=\"e06eb34\" data-element_type=\"column\" data-e-type=\"column\">\n\t\t\t<div class=\"elementor-widget-wrap\">\n\t\t\t\t\t\t\t<\/div>\n\t\t<\/div>\n\t\t\t\t\t<\/div>\n\t\t<\/section>\n\t\t\t\t<section class=\"elementor-section elementor-top-section elementor-element elementor-element-1ae37de elementor-section-boxed elementor-section-height-default elementor-section-height-default\" data-id=\"1ae37de\" data-element_type=\"section\" data-e-type=\"section\">\n\t\t\t\t\t\t<div class=\"elementor-container elementor-column-gap-default\">\n\t\t\t\t\t<div class=\"elementor-column elementor-col-33 elementor-top-column elementor-element elementor-element-f7753ca\" data-id=\"f7753ca\" data-element_type=\"column\" data-e-type=\"column\">\n\t\t\t<div class=\"elementor-widget-wrap elementor-element-populated\">\n\t\t\t\t\t\t<div class=\"elementor-element elementor-element-fab2b86 eael-flipbox-content-align-center eael-flipbox-img-default elementor-widget elementor-widget-eael-flip-box\" data-id=\"fab2b86\" data-element_type=\"widget\" data-e-type=\"widget\" data-widget_type=\"eael-flip-box.default\">\n\t\t\t\t<div class=\"elementor-widget-container\">\n\t\t\t\t\t        <div class=\"eael-elements-flip-box-container eael-animate-flip eael-animate-fade-in eael-content eael-flip-box-hover eael-flipbox-fixed-height eael-flipbox-dynamic\">\n\n            <div class=\"eael-elements-flip-box-flip-card\">\n                <div class=\"eael-elements-flip-box-front-container\">\n                    \n                    \n                        <div class=\"eael-elements-slider-display-table\">\n                            <div class=\"eael-elements-flip-box-vertical-align\">\n                                <div class=\"eael-elements-flip-box-padding\">\n                                    <div class=\"eael-elements-flip-box-icon-image\">\n                                                                                    <img decoding=\"async\" class=\"eael-flipbox-image-as-icon\" src=\"https:\/\/www.gewandfantasien.de\/bloggen\/wp-content\/uploads\/2022\/01\/outlander-kostuem-jacke-rock-1-scaled.jpg\" alt=\"Outlander Kost\u00fcm Claire\">\n                                                                            <\/div>\n                                    <h3 class=\"eael-elements-flip-box-heading\">Outlander Kost\u00fcm<\/h3>                                    <div class=\"eael-elements-flip-box-content\">\n\t                                    <p>Gr\u00f6\u00dfe Jacke: XS<br \/>Gr\u00f6\u00dfe Rock: XS-L<\/p>                                    <\/div>\n                                <\/div>\n                            <\/div>\n                        <\/div>\n                                    <\/div>\n\n                <div class=\"eael-elements-flip-box-rear-container\">\n                                                                <div class=\"eael-elements-slider-display-table\">\n                            <div class=\"eael-elements-flip-box-vertical-align\">\n                                <div class=\"eael-elements-flip-box-padding\">\n                                                                                                            <h3 class=\"eael-elements-flip-box-heading\">Outlander Kost\u00fcm Claire<\/h3>\n                                                                        <div class=\"eael-elements-flip-box-content\">\n                                        <p style=\"text-align: left\">Rokoko-Kost\u00fcm aus Jacke, Einsatz, Rock und seitlichen Kissen.\u00a0<\/p><p><strong>Preis:<\/strong><\/p><p style=\"text-align: left\">60 EUR\/Woche mit Fotos<br \/>80 EUR\/Woche ohne Fotos<br \/>jeweils zzgl. Versand<\/p><p><strong>Kaution<\/strong><\/p><p>keine<\/p>                                    <\/div>\n\n                                                                    <\/div>\n                            <\/div>\n                        <\/div>\n                                    <\/div>\n            <\/div>\n        <\/div>\n        \t\t\t\t<\/div>\n\t\t\t\t<\/div>\n\t\t\t\t\t<\/div>\n\t\t<\/div>\n\t\t\t\t<div class=\"elementor-column elementor-col-33 elementor-top-column elementor-element elementor-element-4386edf\" data-id=\"4386edf\" data-element_type=\"column\" data-e-type=\"column\">\n\t\t\t<div class=\"elementor-widget-wrap elementor-element-populated\">\n\t\t\t\t\t\t<div class=\"elementor-element elementor-element-7020748 eael-flipbox-content-align-center eael-flipbox-img-default elementor-widget elementor-widget-eael-flip-box\" data-id=\"7020748\" data-element_type=\"widget\" data-e-type=\"widget\" data-widget_type=\"eael-flip-box.default\">\n\t\t\t\t<div class=\"elementor-widget-container\">\n\t\t\t\t\t        <div class=\"eael-elements-flip-box-container eael-animate-flip eael-animate-fade-in eael-content eael-flip-box-hover eael-flipbox-fixed-height eael-flipbox-dynamic\">\n\n            <div class=\"eael-elements-flip-box-flip-card\">\n                <div class=\"eael-elements-flip-box-front-container\">\n                    \n                    \n                        <div class=\"eael-elements-slider-display-table\">\n                            <div class=\"eael-elements-flip-box-vertical-align\">\n                                <div class=\"eael-elements-flip-box-padding\">\n                                    <div class=\"eael-elements-flip-box-icon-image\">\n                                                                                    <img decoding=\"async\" class=\"eael-flipbox-image-as-icon\" src=\"https:\/\/www.gewandfantasien.de\/bloggen\/wp-content\/uploads\/2022\/01\/kurze-jacke-rokoko-scaled.jpg\" alt=\"Outlander Kost\u00fcm Claire\">\n                                                                            <\/div>\n                                    <h3 class=\"eael-elements-flip-box-heading\">Outlander Kost\u00fcm<\/h3>                                    <div class=\"eael-elements-flip-box-content\">\n\t                                    <p>Gr\u00f6\u00dfe M\/L<\/p>                                    <\/div>\n                                <\/div>\n                            <\/div>\n                        <\/div>\n                                    <\/div>\n\n                <div class=\"eael-elements-flip-box-rear-container\">\n                                                                <div class=\"eael-elements-slider-display-table\">\n                            <div class=\"eael-elements-flip-box-vertical-align\">\n                                <div class=\"eael-elements-flip-box-padding\">\n                                                                                                            <h3 class=\"eael-elements-flip-box-heading\">Outlander Kost\u00fcm Claire<\/h3>\n                                                                        <div class=\"eael-elements-flip-box-content\">\n                                        <p style=\"text-align: left\">Rokoko-Kost\u00fcm aus Jacke, Einsatz, Rock und seitlichen Kissen.\u00a0<\/p><p><strong>Preis:<\/strong><\/p><p style=\"text-align: left\">60 EUR\/Woche mit Fotos<br \/>80 EUR\/Woche ohne Fotos<br \/>jeweils zzgl. Versand<\/p><p><strong>Kaution<\/strong><\/p><p>keine<\/p>                                    <\/div>\n\n                                                                    <\/div>\n                            <\/div>\n                        <\/div>\n                                    <\/div>\n            <\/div>\n        <\/div>\n        \t\t\t\t<\/div>\n\t\t\t\t<\/div>\n\t\t\t\t\t<\/div>\n\t\t<\/div>\n\t\t\t\t<div class=\"elementor-column elementor-col-33 elementor-top-column elementor-element elementor-element-a82626e\" data-id=\"a82626e\" data-element_type=\"column\" data-e-type=\"column\">\n\t\t\t<div class=\"elementor-widget-wrap\">\n\t\t\t\t\t\t\t<\/div>\n\t\t<\/div>\n\t\t\t\t\t<\/div>\n\t\t<\/section>\n\t\t\t\t<section class=\"elementor-section elementor-top-section elementor-element elementor-element-caa4069 elementor-section-boxed elementor-section-height-default elementor-section-height-default\" data-id=\"caa4069\" data-element_type=\"section\" data-e-type=\"section\">\n\t\t\t\t\t\t<div class=\"elementor-container elementor-column-gap-default\">\n\t\t\t\t\t<div class=\"elementor-column elementor-col-100 elementor-top-column elementor-element elementor-element-046f978\" data-id=\"046f978\" data-element_type=\"column\" data-e-type=\"column\">\n\t\t\t<div class=\"elementor-widget-wrap elementor-element-populated\">\n\t\t\t\t\t\t<div class=\"elementor-element elementor-element-550ab62 elementor-widget elementor-widget-heading\" data-id=\"550ab62\" data-element_type=\"widget\" data-e-type=\"widget\" data-widget_type=\"heading.default\">\n\t\t\t\t<div class=\"elementor-widget-container\">\n\t\t\t\t\t<h3 class=\"elementor-heading-title elementor-size-default\">Umh\u00e4nge zum Verleih<\/h3>\t\t\t\t<\/div>\n\t\t\t\t<\/div>\n\t\t\t\t\t<\/div>\n\t\t<\/div>\n\t\t\t\t\t<\/div>\n\t\t<\/section>\n\t\t\t\t<section class=\"elementor-section elementor-top-section elementor-element elementor-element-20bd40f elementor-section-boxed elementor-section-height-default elementor-section-height-default\" data-id=\"20bd40f\" data-element_type=\"section\" data-e-type=\"section\">\n\t\t\t\t\t\t<div class=\"elementor-container elementor-column-gap-default\">\n\t\t\t\t\t<div class=\"elementor-column elementor-col-33 elementor-top-column elementor-element elementor-element-ca79b0f\" data-id=\"ca79b0f\" data-element_type=\"column\" data-e-type=\"column\">\n\t\t\t<div class=\"elementor-widget-wrap elementor-element-populated\">\n\t\t\t\t\t\t<div class=\"elementor-element elementor-element-03de798 eael-flipbox-content-align-center eael-flipbox-img-default elementor-widget elementor-widget-eael-flip-box\" data-id=\"03de798\" data-element_type=\"widget\" data-e-type=\"widget\" data-widget_type=\"eael-flip-box.default\">\n\t\t\t\t<div class=\"elementor-widget-container\">\n\t\t\t\t\t        <div class=\"eael-elements-flip-box-container eael-animate-flip eael-animate-fade-in eael-content eael-flip-box-hover eael-flipbox-fixed-height eael-flipbox-dynamic\">\n\n            <div class=\"eael-elements-flip-box-flip-card\">\n                <div class=\"eael-elements-flip-box-front-container\">\n                    \n                    \n                        <div class=\"eael-elements-slider-display-table\">\n                            <div class=\"eael-elements-flip-box-vertical-align\">\n                                <div class=\"eael-elements-flip-box-padding\">\n                                    <div class=\"eael-elements-flip-box-icon-image\">\n                                                                                    <img decoding=\"async\" class=\"eael-flipbox-image-as-icon\" src=\"https:\/\/www.gewandfantasien.de\/bloggen\/wp-content\/uploads\/2021\/12\/Aschenbroedel-Umhang_sichtblickfotografie_gewandfantasien11-scaled.jpg\" alt=\"Aschenbr\u00f6del Umhang Verleih\">\n                                                                            <\/div>\n                                    <h3 class=\"eael-elements-flip-box-heading\">Aschenbr\u00f6del Umhang<\/h3>                                    <div class=\"eael-elements-flip-box-content\">\n\t                                    <p>Gr\u00f6\u00dfe S-XL<\/p>                                    <\/div>\n                                <\/div>\n                            <\/div>\n                        <\/div>\n                                    <\/div>\n\n                <div class=\"eael-elements-flip-box-rear-container\">\n                                                                <div class=\"eael-elements-slider-display-table\">\n                            <div class=\"eael-elements-flip-box-vertical-align\">\n                                <div class=\"eael-elements-flip-box-padding\">\n                                                                                                            <h3 class=\"eael-elements-flip-box-heading\">Umhang Aschenbr\u00f6del<\/h3>\n                                                                        <div class=\"eael-elements-flip-box-content\">\n                                        <p style=\"text-align: left\">Umhang nach dem Film Drei Haseln\u00fcsse f\u00fcr Aschenbr\u00f6del (Originalversion) aus rosefarbener Viskose.\u00a0<\/p>\n<p style=\"text-align: left\"><b>Preis:<\/b><\/p>\n<p style=\"text-align: left\">30 EUR\/Woche mit Fotos\n45 EUR\/Woche ohne Fotos\njeweils zzgl. Versand<\/p>\n<p style=\"text-align: left\"><b>Kaution:<\/b><\/p>\n<p style=\"text-align: left\">nein<\/p>\n<p style=\"text-align: left\"><i>Credits:<\/i>\nModel: <a href=\"https:\/\/www.instagram.com\/_luisa_004\/\" target=\"_blank\" rel=\"noopener\">Luisa<\/a>\nFoto: <a href=\"https:\/\/www.instagram.com\/sichtblickfotografie\/\" target=\"_blank\" rel=\"noopener\">Sichtblick Fotografie<\/a>\nEule: <a href=\"https:\/\/www.instagram.com\/der_eulenmann\/\" target=\"_blank\" rel=\"noopener\">Der Eulenmann<\/a> &amp; <a href=\"https:\/\/www.instagram.com\/die_eulenfrau\/\" target=\"_blank\" rel=\"noopener\">Die Eulenfrau<\/a><\/p>                                    <\/div>\n\n                                                                    <\/div>\n                            <\/div>\n                        <\/div>\n                                    <\/div>\n            <\/div>\n        <\/div>\n        \t\t\t\t<\/div>\n\t\t\t\t<\/div>\n\t\t\t\t\t<\/div>\n\t\t<\/div>\n\t\t\t\t<div class=\"elementor-column elementor-col-33 elementor-top-column elementor-element elementor-element-b3d884e\" data-id=\"b3d884e\" data-element_type=\"column\" data-e-type=\"column\">\n\t\t\t<div class=\"elementor-widget-wrap elementor-element-populated\">\n\t\t\t\t\t\t<div class=\"elementor-element elementor-element-3363c88 eael-flipbox-content-align-center eael-flipbox-img-default elementor-widget elementor-widget-eael-flip-box\" data-id=\"3363c88\" data-element_type=\"widget\" data-e-type=\"widget\" data-widget_type=\"eael-flip-box.default\">\n\t\t\t\t<div class=\"elementor-widget-container\">\n\t\t\t\t\t        <div class=\"eael-elements-flip-box-container eael-animate-flip eael-animate-fade-in eael-content eael-flip-box-hover eael-flipbox-fixed-height eael-flipbox-dynamic\">\n\n            <div class=\"eael-elements-flip-box-flip-card\">\n                <div class=\"eael-elements-flip-box-front-container\">\n                    \n                    \n                        <div class=\"eael-elements-slider-display-table\">\n                            <div class=\"eael-elements-flip-box-vertical-align\">\n                                <div class=\"eael-elements-flip-box-padding\">\n                                    <div class=\"eael-elements-flip-box-icon-image\">\n                                                                                    <img decoding=\"async\" class=\"eael-flipbox-image-as-icon\" src=\"https:\/\/www.gewandfantasien.de\/bloggen\/wp-content\/uploads\/2022\/01\/rotkaeppchen-umhang_marion-flemming-photography_filmfuchs-leotie_henriette2.jpg\" alt=\"Rotk\u00e4ppchen Umhang Verleih Photoshooting\">\n                                                                            <\/div>\n                                    <h3 class=\"eael-elements-flip-box-heading\">Rotk\u00e4ppchen Umhang<\/h3>                                    <div class=\"eael-elements-flip-box-content\">\n\t                                    <p>Einheitsgr\u00f6\u00dfe<\/p>                                    <\/div>\n                                <\/div>\n                            <\/div>\n                        <\/div>\n                                    <\/div>\n\n                <div class=\"eael-elements-flip-box-rear-container\">\n                                                                <div class=\"eael-elements-slider-display-table\">\n                            <div class=\"eael-elements-flip-box-vertical-align\">\n                                <div class=\"eael-elements-flip-box-padding\">\n                                                                                                            <h3 class=\"eael-elements-flip-box-heading\">Rotk\u00e4ppchen Umhang<\/h3>\n                                                                        <div class=\"eael-elements-flip-box-content\">\n                                        <p style=\"text-align: left\">Umhang mit ca. 110cm L\u00e4nge aus dunkelroter Wolle<br \/>KEIN TfP<\/p><p><strong>Preis:<\/strong><\/p><p style=\"text-align: left\">30 EUR\/Woche mit Fotos<br \/>45 EUR\/Woche ohne Fotos<br \/>jeweils zzgl. Versand<\/p><p><strong>Kaution<\/strong><\/p><p>keine<\/p><p>Credits<br \/>Model: Henriette<br \/>Fotografin: <a href=\"https:\/\/www.facebook.com\/marionflemming\" target=\"_blank\" rel=\"noopener\">Marion Flemming Fotografie<\/a><br \/>Fuchs: <a href=\"https:\/\/www.facebook.com\/fox.and.fairytales\" target=\"_blank\" rel=\"noopener\">Filmfuchs Leotie<\/a><\/p>                                    <\/div>\n\n                                                                    <\/div>\n                            <\/div>\n                        <\/div>\n                                    <\/div>\n            <\/div>\n        <\/div>\n        \t\t\t\t<\/div>\n\t\t\t\t<\/div>\n\t\t\t\t\t<\/div>\n\t\t<\/div>\n\t\t\t\t<div class=\"elementor-column elementor-col-33 elementor-top-column elementor-element elementor-element-16ac6f0\" data-id=\"16ac6f0\" data-element_type=\"column\" data-e-type=\"column\">\n\t\t\t<div class=\"elementor-widget-wrap\">\n\t\t\t\t\t\t\t<\/div>\n\t\t<\/div>\n\t\t\t\t\t<\/div>\n\t\t<\/section>\n\t\t\t\t<\/div>\n\t\t<div class=\"shariff shariff-align-center shariff-widget-align-left\" data-services=\"facebook%7Cpinterest\" data-url=\"https:\/\/www.gewandfantasien.de\/bloggen\/kleider-leihen-fuer-fotoshooting\/\" data-timestamp=\"1772481061\" data-backendurl=\"https:\/\/www.gewandfantasien.de\/bloggen\/wp-json\/shariff\/v1\/share_counts?\"><ul class=\"shariff-buttons theme-round orientation-horizontal buttonsize-medium\"><li class=\"shariff-button facebook\" style=\"background-color:#ffffdd\"><a href=\"https:\/\/www.facebook.com\/sharer\/sharer.php?u=https%3A%2F%2Fwww.gewandfantasien.de%2Fbloggen%2Fkleider-leihen-fuer-fotoshooting%2F\" title=\"Bei Facebook teilen\" aria-label=\"Bei Facebook teilen\" role=\"button\" rel=\"nofollow\" class=\"shariff-link\" style=\"; background-color:#dcbf8d; color:#fff\" target=\"_blank\"><span class=\"shariff-icon\" style=\"\"><svg width=\"32px\" height=\"20px\" xmlns=\"http:\/\/www.w3.org\/2000\/svg\" viewBox=\"0 0 18 32\"><path fill=\"#3b5998\" d=\"M17.1 0.2v4.7h-2.8q-1.5 0-2.1 0.6t-0.5 1.9v3.4h5.2l-0.7 5.3h-4.5v13.6h-5.5v-13.6h-4.5v-5.3h4.5v-3.9q0-3.3 1.9-5.2t5-1.8q2.6 0 4.1 0.2z\"\/><\/svg><\/span><\/a><\/li><li class=\"shariff-button pinterest\" style=\"background-color:#ffffdd\"><a href=\"https:\/\/www.pinterest.com\/pin\/create\/link\/?url=https%3A%2F%2Fwww.gewandfantasien.de%2Fbloggen%2Fkleider-leihen-fuer-fotoshooting%2F&media=https%3A%2F%2Fwww.gewandfantasien.de%2Fbloggen%2Fwp-content%2Fuploads%2F2019%2F01%2Farwen-cranberry-dress_gewandfantasien_la-esmeralda_silver-pearl-photography_a-mon-seul-desir_1_web-1.jpg&description=Kleider%20leihen%20f%C3%BCr%20Fotoshooting\" title=\"Bei Pinterest pinnen\" aria-label=\"Bei Pinterest pinnen\" role=\"button\" rel=\"noopener nofollow\" class=\"shariff-link\" style=\"; background-color:#dcbf8d; color:#fff\" target=\"_blank\"><span class=\"shariff-icon\" style=\"\"><svg width=\"32px\" height=\"20px\" xmlns=\"http:\/\/www.w3.org\/2000\/svg\" viewBox=\"0 0 27 32\"><path fill=\"#cb2027\" d=\"M27.4 16q0 3.7-1.8 6.9t-5 5-6.9 1.9q-2 0-3.9-0.6 1.1-1.7 1.4-2.9 0.2-0.6 1-3.8 0.4 0.7 1.3 1.2t2 0.5q2.1 0 3.8-1.2t2.7-3.4 0.9-4.8q0-2-1.1-3.8t-3.1-2.9-4.5-1.2q-1.9 0-3.5 0.5t-2.8 1.4-2 2-1.2 2.3-0.4 2.4q0 1.9 0.7 3.3t2.1 2q0.5 0.2 0.7-0.4 0-0.1 0.1-0.5t0.2-0.5q0.1-0.4-0.2-0.8-0.9-1.1-0.9-2.7 0-2.7 1.9-4.6t4.9-2q2.7 0 4.2 1.5t1.5 3.8q0 3-1.2 5.2t-3.1 2.1q-1.1 0-1.7-0.8t-0.4-1.9q0.1-0.6 0.5-1.7t0.5-1.8 0.2-1.4q0-0.9-0.5-1.5t-1.4-0.6q-1.1 0-1.9 1t-0.8 2.6q0 1.3 0.4 2.2l-1.8 7.5q-0.3 1.2-0.2 3.2-3.7-1.6-6-5t-2.3-7.6q0-3.7 1.9-6.9t5-5 6.9-1.9 6.9 1.9 5 5 1.8 6.9z\"\/><\/svg><\/span><\/a><\/li><li class=\"shariff-button twitter\" style=\"background-color:#ffffdd\"><a href=\"https:\/\/twitter.com\/share?url=https%3A%2F%2Fwww.gewandfantasien.de%2Fbloggen%2Fkleider-leihen-fuer-fotoshooting%2F&text=Kleider%20leihen%20f%C3%BCr%20Fotoshooting&via=Gewandfantasien\" title=\"Bei X teilen\" aria-label=\"Bei X teilen\" role=\"button\" rel=\"noopener nofollow\" class=\"shariff-link\" style=\"; background-color:#dcbf8d; color:#fff\" target=\"_blank\"><span class=\"shariff-icon\" style=\"\"><svg width=\"32px\" height=\"20px\" xmlns=\"http:\/\/www.w3.org\/2000\/svg\" viewBox=\"0 0 24 24\"><path fill=\"#000\" d=\"M14.258 10.152L23.176 0h-2.113l-7.747 8.813L7.133 0H0l9.352 13.328L0 23.973h2.113l8.176-9.309 6.531 9.309h7.133zm-2.895 3.293l-.949-1.328L2.875 1.56h3.246l6.086 8.523.945 1.328 7.91 11.078h-3.246zm0 0\"\/><\/svg><\/span><\/a><\/li><li class=\"shariff-button whatsapp\" style=\"background-color:#ffffdd\"><a href=\"https:\/\/api.whatsapp.com\/send?text=https%3A%2F%2Fwww.gewandfantasien.de%2Fbloggen%2Fkleider-leihen-fuer-fotoshooting%2F%20Kleider%20leihen%20f%C3%BCr%20Fotoshooting\" title=\"Bei Whatsapp teilen\" aria-label=\"Bei Whatsapp teilen\" role=\"button\" rel=\"noopener nofollow\" class=\"shariff-link\" style=\"; background-color:#dcbf8d; color:#fff\" target=\"_blank\"><span class=\"shariff-icon\" style=\"\"><svg width=\"32px\" height=\"20px\" xmlns=\"http:\/\/www.w3.org\/2000\/svg\" viewBox=\"0 0 32 32\"><path fill=\"#34af23\" d=\"M17.6 17.4q0.2 0 1.7 0.8t1.6 0.9q0 0.1 0 0.3 0 0.6-0.3 1.4-0.3 0.7-1.3 1.2t-1.8 0.5q-1 0-3.4-1.1-1.7-0.8-3-2.1t-2.6-3.3q-1.3-1.9-1.3-3.5v-0.1q0.1-1.6 1.3-2.8 0.4-0.4 0.9-0.4 0.1 0 0.3 0t0.3 0q0.3 0 0.5 0.1t0.3 0.5q0.1 0.4 0.6 1.6t0.4 1.3q0 0.4-0.6 1t-0.6 0.8q0 0.1 0.1 0.3 0.6 1.3 1.8 2.4 1 0.9 2.7 1.8 0.2 0.1 0.4 0.1 0.3 0 1-0.9t0.9-0.9zM14 26.9q2.3 0 4.3-0.9t3.6-2.4 2.4-3.6 0.9-4.3-0.9-4.3-2.4-3.6-3.6-2.4-4.3-0.9-4.3 0.9-3.6 2.4-2.4 3.6-0.9 4.3q0 3.6 2.1 6.6l-1.4 4.2 4.3-1.4q2.8 1.9 6.2 1.9zM14 2.2q2.7 0 5.2 1.1t4.3 2.9 2.9 4.3 1.1 5.2-1.1 5.2-2.9 4.3-4.3 2.9-5.2 1.1q-3.5 0-6.5-1.7l-7.4 2.4 2.4-7.2q-1.9-3.2-1.9-6.9 0-2.7 1.1-5.2t2.9-4.3 4.3-2.9 5.2-1.1z\"\/><\/svg><\/span><\/a><\/li><li class=\"shariff-button mailto\" style=\"background-color:#ffffdd\"><a href=\"mailto:?body=https%3A%2F%2Fwww.gewandfantasien.de%2Fbloggen%2Fkleider-leihen-fuer-fotoshooting%2F&subject=Kleider%20leihen%20f%C3%BCr%20Fotoshooting\" title=\"Per E-Mail versenden\" aria-label=\"Per E-Mail versenden\" role=\"button\" rel=\"noopener nofollow\" class=\"shariff-link\" style=\"; background-color:#dcbf8d; color:#fff\"><span class=\"shariff-icon\" style=\"\"><svg width=\"32px\" height=\"20px\" xmlns=\"http:\/\/www.w3.org\/2000\/svg\" viewBox=\"0 0 32 32\"><path fill=\"#999\" d=\"M32 12.7v14.2q0 1.2-0.8 2t-2 0.9h-26.3q-1.2 0-2-0.9t-0.8-2v-14.2q0.8 0.9 1.8 1.6 6.5 4.4 8.9 6.1 1 0.8 1.6 1.2t1.7 0.9 2 0.4h0.1q0.9 0 2-0.4t1.7-0.9 1.6-1.2q3-2.2 8.9-6.1 1-0.7 1.8-1.6zM32 7.4q0 1.4-0.9 2.7t-2.2 2.2q-6.7 4.7-8.4 5.8-0.2 0.1-0.7 0.5t-1 0.7-0.9 0.6-1.1 0.5-0.9 0.2h-0.1q-0.4 0-0.9-0.2t-1.1-0.5-0.9-0.6-1-0.7-0.7-0.5q-1.6-1.1-4.7-3.2t-3.6-2.6q-1.1-0.7-2.1-2t-1-2.5q0-1.4 0.7-2.3t2.1-0.9h26.3q1.2 0 2 0.8t0.9 2z\"\/><\/svg><\/span><\/a><\/li><li class=\"shariff-button rss\" style=\"background-color:#ffffdd\"><a href=\"https:\/\/www.gewandfantasien.de\/bloggen\/feed\/rss\/\" title=\"RSS-feed\" aria-label=\"RSS-feed\" role=\"button\" class=\"shariff-link\" style=\"; background-color:#dcbf8d; color:#fff\" target=\"_blank\"><span class=\"shariff-icon\" style=\"\"><svg width=\"32px\" height=\"20px\" xmlns=\"http:\/\/www.w3.org\/2000\/svg\" viewBox=\"0 0 32 32\"><path fill=\"#fe9312\" d=\"M4.3 23.5c-2.3 0-4.3 1.9-4.3 4.3 0 2.3 1.9 4.2 4.3 4.2 2.4 0 4.3-1.9 4.3-4.2 0-2.3-1.9-4.3-4.3-4.3zM0 10.9v6.1c4 0 7.7 1.6 10.6 4.4 2.8 2.8 4.4 6.6 4.4 10.6h6.2c0-11.7-9.5-21.1-21.1-21.1zM0 0v6.1c14.2 0 25.8 11.6 25.8 25.9h6.2c0-17.6-14.4-32-32-32z\"\/><\/svg><\/span><\/a><\/li><li class=\"shariff-button info\" style=\"background-color:#ffffdd\"><a href=\"http:\/\/ct.de\/-2467514\" title=\"Weitere Informationen\" aria-label=\"Weitere Informationen\" role=\"button\" rel=\"noopener \" class=\"shariff-link\" style=\"; background-color:#dcbf8d; color:#fff\" target=\"_blank\"><span class=\"shariff-icon\" style=\"\"><svg width=\"32px\" height=\"20px\" xmlns=\"http:\/\/www.w3.org\/2000\/svg\" viewBox=\"0 0 11 32\"><path fill=\"#999\" d=\"M11.4 24v2.3q0 0.5-0.3 0.8t-0.8 0.4h-9.1q-0.5 0-0.8-0.4t-0.4-0.8v-2.3q0-0.5 0.4-0.8t0.8-0.4h1.1v-6.8h-1.1q-0.5 0-0.8-0.4t-0.4-0.8v-2.3q0-0.5 0.4-0.8t0.8-0.4h6.8q0.5 0 0.8 0.4t0.4 0.8v10.3h1.1q0.5 0 0.8 0.4t0.3 0.8zM9.2 3.4v3.4q0 0.5-0.4 0.8t-0.8 0.4h-4.6q-0.4 0-0.8-0.4t-0.4-0.8v-3.4q0-0.4 0.4-0.8t0.8-0.4h4.6q0.5 0 0.8 0.4t0.4 0.8z\"\/><\/svg><\/span><\/a><\/li><\/ul><\/div>","protected":false},"excerpt":{"rendered":"<p>Kleiderverleih f\u00fcr Fotoshootings Du m\u00f6chtest gerne eines meiner Kleider leihen, um es in einem Fotoshooting zu nutzen? Auf dieser Seite findest du alle Kleider, die f\u00fcr diesen Zweck aktuell zur Verf\u00fcgung stehen.\u00a0 Ebenso findest du hier die Bedingungen, unter denen ich die Kleider verleihe, und die Preise f\u00fcr den Verleih.\u00a0 Wenn du ein oder mehrere [&hellip;]<\/p>\n","protected":false},"author":754,"featured_media":0,"parent":0,"menu_order":0,"comment_status":"closed","ping_status":"closed","template":"elementor_header_footer","meta":{"site-sidebar-layout":"default","site-content-layout":"","ast-site-content-layout":"default","site-content-style":"default","site-sidebar-style":"default","ast-global-header-display":"","ast-banner-title-visibility":"","ast-main-header-display":"","ast-hfb-above-header-display":"","ast-hfb-below-header-display":"","ast-hfb-mobile-header-display":"","site-post-title":"","ast-breadcrumbs-content":"","ast-featured-img":"","footer-sml-layout":"","ast-disable-related-posts":"","theme-transparent-header-meta":"","adv-header-id-meta":"","stick-header-meta":"","header-above-stick-meta":"","header-main-stick-meta":"","header-below-stick-meta":"","astra-migrate-meta-layouts":"set","ast-page-background-enabled":"default","ast-page-background-meta":{"desktop":{"background-color":"var(--ast-global-color-4)","background-image":"","background-repeat":"repeat","background-position":"center center","background-size":"auto","background-attachment":"scroll","background-type":"","background-media":"","overlay-type":"","overlay-color":"","overlay-opacity":"","overlay-gradient":""},"tablet":{"background-color":"","background-image":"","background-repeat":"repeat","background-position":"center center","background-size":"auto","background-attachment":"scroll","background-type":"","background-media":"","overlay-type":"","overlay-color":"","overlay-opacity":"","overlay-gradient":""},"mobile":{"background-color":"","background-image":"","background-repeat":"repeat","background-position":"center center","background-size":"auto","background-attachment":"scroll","background-type":"","background-media":"","overlay-type":"","overlay-color":"","overlay-opacity":"","overlay-gradient":""}},"ast-content-background-meta":{"desktop":{"background-color":"var(--ast-global-color-5)","background-image":"","background-repeat":"repeat","background-position":"center center","background-size":"auto","background-attachment":"scroll","background-type":"","background-media":"","overlay-type":"","overlay-color":"","overlay-opacity":"","overlay-gradient":""},"tablet":{"background-color":"var(--ast-global-color-5)","background-image":"","background-repeat":"repeat","background-position":"center center","background-size":"auto","background-attachment":"scroll","background-type":"","background-media":"","overlay-type":"","overlay-color":"","overlay-opacity":"","overlay-gradient":""},"mobile":{"background-color":"var(--ast-global-color-5)","background-image":"","background-repeat":"repeat","background-position":"center center","background-size":"auto","background-attachment":"scroll","background-type":"","background-media":"","overlay-type":"","overlay-color":"","overlay-opacity":"","overlay-gradient":""}},"footnotes":""},"class_list":["post-2622","page","type-page","status-publish","hentry"],"yoast_head":"<!-- This site is optimized with the Yoast SEO plugin v27.5 - https:\/\/yoast.com\/product\/yoast-seo-wordpress\/ -->\n<title>Kleider leihen f\u00fcr Fotoshooting - Gewandfantasien<\/title>\n<meta name=\"description\" content=\"Du kannst dir f\u00fcr Fotoshootings Kleider von mir leihen. Auf dieser Seite findest du die Kleider, Preise und Bedingungen f\u00fcr den Verleih.\" \/>\n<meta name=\"robots\" content=\"index, follow, max-snippet:-1, max-image-preview:large, max-video-preview:-1\" \/>\n<link rel=\"canonical\" href=\"https:\/\/www.gewandfantasien.de\/bloggen\/kleider-leihen-fuer-fotoshooting\/\" \/>\n<meta property=\"og:locale\" content=\"de_DE\" \/>\n<meta property=\"og:type\" content=\"article\" \/>\n<meta property=\"og:title\" content=\"Kleider leihen f\u00fcr Fotoshooting - Gewandfantasien\" \/>\n<meta property=\"og:description\" content=\"Du kannst dir f\u00fcr Fotoshootings Kleider von mir leihen. Auf dieser Seite findest du die Kleider, Preise und Bedingungen f\u00fcr den Verleih.\" \/>\n<meta property=\"og:url\" content=\"https:\/\/www.gewandfantasien.de\/bloggen\/kleider-leihen-fuer-fotoshooting\/\" \/>\n<meta property=\"og:site_name\" content=\"Gewandfantasien\" \/>\n<meta property=\"article:publisher\" content=\"https:\/\/www.facebook.com\/Gewandfantasien\" \/>\n<meta property=\"article:modified_time\" content=\"2026-03-02T18:51:01+00:00\" \/>\n<meta property=\"og:image\" content=\"https:\/\/www.gewandfantasien.de\/bloggen\/wp-content\/uploads\/2019\/01\/arwen-cranberry-dress_gewandfantasien_la-esmeralda_silver-pearl-photography_a-mon-seul-desir_1_web-1.jpg\" \/>\n<meta name=\"twitter:card\" content=\"summary_large_image\" \/>\n<meta name=\"twitter:site\" content=\"@Gewandfantasien\" \/>\n<meta name=\"twitter:label1\" content=\"Gesch\u00e4tzte Lesezeit\" \/>\n\t<meta name=\"twitter:data1\" content=\"8\u00a0Minuten\" \/>\n<script type=\"application\/ld+json\" class=\"yoast-schema-graph\">{\"@context\":\"https:\\\/\\\/schema.org\",\"@graph\":[{\"@type\":\"WebPage\",\"@id\":\"https:\\\/\\\/www.gewandfantasien.de\\\/bloggen\\\/kleider-leihen-fuer-fotoshooting\\\/\",\"url\":\"https:\\\/\\\/www.gewandfantasien.de\\\/bloggen\\\/kleider-leihen-fuer-fotoshooting\\\/\",\"name\":\"Kleider leihen f\u00fcr Fotoshooting - Gewandfantasien\",\"isPartOf\":{\"@id\":\"https:\\\/\\\/www.gewandfantasien.de\\\/bloggen\\\/#website\"},\"primaryImageOfPage\":{\"@id\":\"https:\\\/\\\/www.gewandfantasien.de\\\/bloggen\\\/kleider-leihen-fuer-fotoshooting\\\/#primaryimage\"},\"image\":{\"@id\":\"https:\\\/\\\/www.gewandfantasien.de\\\/bloggen\\\/kleider-leihen-fuer-fotoshooting\\\/#primaryimage\"},\"thumbnailUrl\":\"https:\\\/\\\/www.gewandfantasien.de\\\/bloggen\\\/wp-content\\\/uploads\\\/2019\\\/01\\\/arwen-cranberry-dress_gewandfantasien_la-esmeralda_silver-pearl-photography_a-mon-seul-desir_1_web-1.jpg\",\"datePublished\":\"2020-08-25T11:49:18+00:00\",\"dateModified\":\"2026-03-02T18:51:01+00:00\",\"description\":\"Du kannst dir f\u00fcr Fotoshootings Kleider von mir leihen. Auf dieser Seite findest du die Kleider, Preise und Bedingungen f\u00fcr den Verleih.\",\"breadcrumb\":{\"@id\":\"https:\\\/\\\/www.gewandfantasien.de\\\/bloggen\\\/kleider-leihen-fuer-fotoshooting\\\/#breadcrumb\"},\"inLanguage\":\"de\",\"potentialAction\":[{\"@type\":\"ReadAction\",\"target\":[\"https:\\\/\\\/www.gewandfantasien.de\\\/bloggen\\\/kleider-leihen-fuer-fotoshooting\\\/\"]}]},{\"@type\":\"ImageObject\",\"inLanguage\":\"de\",\"@id\":\"https:\\\/\\\/www.gewandfantasien.de\\\/bloggen\\\/kleider-leihen-fuer-fotoshooting\\\/#primaryimage\",\"url\":\"https:\\\/\\\/www.gewandfantasien.de\\\/bloggen\\\/wp-content\\\/uploads\\\/2019\\\/01\\\/arwen-cranberry-dress_gewandfantasien_la-esmeralda_silver-pearl-photography_a-mon-seul-desir_1_web-1.jpg\",\"contentUrl\":\"https:\\\/\\\/www.gewandfantasien.de\\\/bloggen\\\/wp-content\\\/uploads\\\/2019\\\/01\\\/arwen-cranberry-dress_gewandfantasien_la-esmeralda_silver-pearl-photography_a-mon-seul-desir_1_web-1.jpg\"},{\"@type\":\"BreadcrumbList\",\"@id\":\"https:\\\/\\\/www.gewandfantasien.de\\\/bloggen\\\/kleider-leihen-fuer-fotoshooting\\\/#breadcrumb\",\"itemListElement\":[{\"@type\":\"ListItem\",\"position\":1,\"name\":\"Startseite\",\"item\":\"https:\\\/\\\/www.gewandfantasien.de\\\/bloggen\\\/\"},{\"@type\":\"ListItem\",\"position\":2,\"name\":\"Kleider leihen f\u00fcr Fotoshooting\"}]},{\"@type\":\"WebSite\",\"@id\":\"https:\\\/\\\/www.gewandfantasien.de\\\/bloggen\\\/#website\",\"url\":\"https:\\\/\\\/www.gewandfantasien.de\\\/bloggen\\\/\",\"name\":\"Gewandfantasien\",\"description\":\"Dress your Fantasy\",\"publisher\":{\"@id\":\"https:\\\/\\\/www.gewandfantasien.de\\\/bloggen\\\/#organization\"},\"potentialAction\":[{\"@type\":\"SearchAction\",\"target\":{\"@type\":\"EntryPoint\",\"urlTemplate\":\"https:\\\/\\\/www.gewandfantasien.de\\\/bloggen\\\/?s={search_term_string}\"},\"query-input\":{\"@type\":\"PropertyValueSpecification\",\"valueRequired\":true,\"valueName\":\"search_term_string\"}}],\"inLanguage\":\"de\"},{\"@type\":\"Organization\",\"@id\":\"https:\\\/\\\/www.gewandfantasien.de\\\/bloggen\\\/#organization\",\"name\":\"Gewandfantasien\",\"url\":\"https:\\\/\\\/www.gewandfantasien.de\\\/bloggen\\\/\",\"logo\":{\"@type\":\"ImageObject\",\"inLanguage\":\"de\",\"@id\":\"https:\\\/\\\/www.gewandfantasien.de\\\/bloggen\\\/#\\\/schema\\\/logo\\\/image\\\/\",\"url\":\"https:\\\/\\\/www.gewandfantasien.de\\\/bloggen\\\/wp-content\\\/uploads\\\/2018\\\/03\\\/logo_gewandfantasien_kurz.png\",\"contentUrl\":\"https:\\\/\\\/www.gewandfantasien.de\\\/bloggen\\\/wp-content\\\/uploads\\\/2018\\\/03\\\/logo_gewandfantasien_kurz.png\",\"width\":250,\"height\":250,\"caption\":\"Gewandfantasien\"},\"image\":{\"@id\":\"https:\\\/\\\/www.gewandfantasien.de\\\/bloggen\\\/#\\\/schema\\\/logo\\\/image\\\/\"},\"sameAs\":[\"https:\\\/\\\/www.facebook.com\\\/Gewandfantasien\",\"https:\\\/\\\/x.com\\\/Gewandfantasien\",\"http:\\\/\\\/instagram.com\\\/gewandfantasien\",\"http:\\\/\\\/pinterest.com\\\/gewandfantasien\\\/\"]}]}<\/script>\n<!-- \/ Yoast SEO plugin. -->","yoast_head_json":{"title":"Kleider leihen f\u00fcr Fotoshooting - Gewandfantasien","description":"Du kannst dir f\u00fcr Fotoshootings Kleider von mir leihen. Auf dieser Seite findest du die Kleider, Preise und Bedingungen f\u00fcr den Verleih.","robots":{"index":"index","follow":"follow","max-snippet":"max-snippet:-1","max-image-preview":"max-image-preview:large","max-video-preview":"max-video-preview:-1"},"canonical":"https:\/\/www.gewandfantasien.de\/bloggen\/kleider-leihen-fuer-fotoshooting\/","og_locale":"de_DE","og_type":"article","og_title":"Kleider leihen f\u00fcr Fotoshooting - Gewandfantasien","og_description":"Du kannst dir f\u00fcr Fotoshootings Kleider von mir leihen. Auf dieser Seite findest du die Kleider, Preise und Bedingungen f\u00fcr den Verleih.","og_url":"https:\/\/www.gewandfantasien.de\/bloggen\/kleider-leihen-fuer-fotoshooting\/","og_site_name":"Gewandfantasien","article_publisher":"https:\/\/www.facebook.com\/Gewandfantasien","article_modified_time":"2026-03-02T18:51:01+00:00","og_image":[{"url":"https:\/\/www.gewandfantasien.de\/bloggen\/wp-content\/uploads\/2019\/01\/arwen-cranberry-dress_gewandfantasien_la-esmeralda_silver-pearl-photography_a-mon-seul-desir_1_web-1.jpg","type":"","width":"","height":""}],"twitter_card":"summary_large_image","twitter_site":"@Gewandfantasien","twitter_misc":{"Gesch\u00e4tzte Lesezeit":"8\u00a0Minuten"},"schema":{"@context":"https:\/\/schema.org","@graph":[{"@type":"WebPage","@id":"https:\/\/www.gewandfantasien.de\/bloggen\/kleider-leihen-fuer-fotoshooting\/","url":"https:\/\/www.gewandfantasien.de\/bloggen\/kleider-leihen-fuer-fotoshooting\/","name":"Kleider leihen f\u00fcr Fotoshooting - Gewandfantasien","isPartOf":{"@id":"https:\/\/www.gewandfantasien.de\/bloggen\/#website"},"primaryImageOfPage":{"@id":"https:\/\/www.gewandfantasien.de\/bloggen\/kleider-leihen-fuer-fotoshooting\/#primaryimage"},"image":{"@id":"https:\/\/www.gewandfantasien.de\/bloggen\/kleider-leihen-fuer-fotoshooting\/#primaryimage"},"thumbnailUrl":"https:\/\/www.gewandfantasien.de\/bloggen\/wp-content\/uploads\/2019\/01\/arwen-cranberry-dress_gewandfantasien_la-esmeralda_silver-pearl-photography_a-mon-seul-desir_1_web-1.jpg","datePublished":"2020-08-25T11:49:18+00:00","dateModified":"2026-03-02T18:51:01+00:00","description":"Du kannst dir f\u00fcr Fotoshootings Kleider von mir leihen. Auf dieser Seite findest du die Kleider, Preise und Bedingungen f\u00fcr den Verleih.","breadcrumb":{"@id":"https:\/\/www.gewandfantasien.de\/bloggen\/kleider-leihen-fuer-fotoshooting\/#breadcrumb"},"inLanguage":"de","potentialAction":[{"@type":"ReadAction","target":["https:\/\/www.gewandfantasien.de\/bloggen\/kleider-leihen-fuer-fotoshooting\/"]}]},{"@type":"ImageObject","inLanguage":"de","@id":"https:\/\/www.gewandfantasien.de\/bloggen\/kleider-leihen-fuer-fotoshooting\/#primaryimage","url":"https:\/\/www.gewandfantasien.de\/bloggen\/wp-content\/uploads\/2019\/01\/arwen-cranberry-dress_gewandfantasien_la-esmeralda_silver-pearl-photography_a-mon-seul-desir_1_web-1.jpg","contentUrl":"https:\/\/www.gewandfantasien.de\/bloggen\/wp-content\/uploads\/2019\/01\/arwen-cranberry-dress_gewandfantasien_la-esmeralda_silver-pearl-photography_a-mon-seul-desir_1_web-1.jpg"},{"@type":"BreadcrumbList","@id":"https:\/\/www.gewandfantasien.de\/bloggen\/kleider-leihen-fuer-fotoshooting\/#breadcrumb","itemListElement":[{"@type":"ListItem","position":1,"name":"Startseite","item":"https:\/\/www.gewandfantasien.de\/bloggen\/"},{"@type":"ListItem","position":2,"name":"Kleider leihen f\u00fcr Fotoshooting"}]},{"@type":"WebSite","@id":"https:\/\/www.gewandfantasien.de\/bloggen\/#website","url":"https:\/\/www.gewandfantasien.de\/bloggen\/","name":"Gewandfantasien","description":"Dress your Fantasy","publisher":{"@id":"https:\/\/www.gewandfantasien.de\/bloggen\/#organization"},"potentialAction":[{"@type":"SearchAction","target":{"@type":"EntryPoint","urlTemplate":"https:\/\/www.gewandfantasien.de\/bloggen\/?s={search_term_string}"},"query-input":{"@type":"PropertyValueSpecification","valueRequired":true,"valueName":"search_term_string"}}],"inLanguage":"de"},{"@type":"Organization","@id":"https:\/\/www.gewandfantasien.de\/bloggen\/#organization","name":"Gewandfantasien","url":"https:\/\/www.gewandfantasien.de\/bloggen\/","logo":{"@type":"ImageObject","inLanguage":"de","@id":"https:\/\/www.gewandfantasien.de\/bloggen\/#\/schema\/logo\/image\/","url":"https:\/\/www.gewandfantasien.de\/bloggen\/wp-content\/uploads\/2018\/03\/logo_gewandfantasien_kurz.png","contentUrl":"https:\/\/www.gewandfantasien.de\/bloggen\/wp-content\/uploads\/2018\/03\/logo_gewandfantasien_kurz.png","width":250,"height":250,"caption":"Gewandfantasien"},"image":{"@id":"https:\/\/www.gewandfantasien.de\/bloggen\/#\/schema\/logo\/image\/"},"sameAs":["https:\/\/www.facebook.com\/Gewandfantasien","https:\/\/x.com\/Gewandfantasien","http:\/\/instagram.com\/gewandfantasien","http:\/\/pinterest.com\/gewandfantasien\/"]}]}},"_links":{"self":[{"href":"https:\/\/www.gewandfantasien.de\/bloggen\/wp-json\/wp\/v2\/pages\/2622","targetHints":{"allow":["GET"]}}],"collection":[{"href":"https:\/\/www.gewandfantasien.de\/bloggen\/wp-json\/wp\/v2\/pages"}],"about":[{"href":"https:\/\/www.gewandfantasien.de\/bloggen\/wp-json\/wp\/v2\/types\/page"}],"author":[{"embeddable":true,"href":"https:\/\/www.gewandfantasien.de\/bloggen\/wp-json\/wp\/v2\/users\/754"}],"replies":[{"embeddable":true,"href":"https:\/\/www.gewandfantasien.de\/bloggen\/wp-json\/wp\/v2\/comments?post=2622"}],"version-history":[{"count":81,"href":"https:\/\/www.gewandfantasien.de\/bloggen\/wp-json\/wp\/v2\/pages\/2622\/revisions"}],"predecessor-version":[{"id":6879,"href":"https:\/\/www.gewandfantasien.de\/bloggen\/wp-json\/wp\/v2\/pages\/2622\/revisions\/6879"}],"wp:attachment":[{"href":"https:\/\/www.gewandfantasien.de\/bloggen\/wp-json\/wp\/v2\/media?parent=2622"}],"curies":[{"name":"wp","href":"https:\/\/api.w.org\/{rel}","templated":true}]}}