{"id":660,"date":"2014-11-01T23:07:02","date_gmt":"2014-11-01T22:07:02","guid":{"rendered":"http:\/\/www.gewandfantasien.de\/bloggen\/?page_id=660"},"modified":"2016-02-02T21:11:34","modified_gmt":"2016-02-02T20:11:34","slug":"galerie-historische-kleider","status":"publish","type":"page","link":"https:\/\/www.gewandfantasien.de\/bloggen\/galerie-historische-kleider\/","title":{"rendered":"historische Kleider"},"content":{"rendered":"<p>In dieser Galerie finden sich historische Kleider, die im Laufe der letzten Jahre entstanden sind. Wenn du ein Kleid von mir hast und auf meinem Blog und\/oder hier in der Galerie erscheinen m\u00f6chtest, schicke mir gerne deine Bilder zu.<\/p>\n<h4>Renaissance und Tudor<\/h4>\n<p><a href=\"http:\/\/www.gewandfantasien.de\/historische-kleidung\/renaissance-und-tudor\/\">Renaissance und Tudor im Shop<\/a><\/p>\n<div class=\"wc-gallery\"><div id='gallery-1' data-gutter-width='5' data-columns='3' class='gallery wc-gallery-captions-onhover gallery-link-file gallery-masonry galleryid-660 gallery-columns-3 gallery-size-thumbnail wc-gallery-bottomspace-default wc-gallery-clear'><div class='gallery-item gallery-item-position-1 gallery-item-attachment-711'>\n\t\t\t\t<div class='gallery-icon portrait'>\n\t\t\t\t\t<a href='https:\/\/www.gewandfantasien.de\/bloggen\/wp-content\/uploads\/2014\/11\/cranach-kleid-vorderseite1-610x1024.jpg' title='Cranach-Kleid f\u00fcr Burgverein' target='_self'><img decoding=\"async\" width=\"150\" height=\"150\" src=\"https:\/\/www.gewandfantasien.de\/bloggen\/wp-content\/uploads\/2014\/11\/cranach-kleid-vorderseite1-150x150.jpg\" class=\"attachment-thumbnail size-thumbnail\" alt=\"Cranach-Kleid f\u00fcr Burgverein\" srcset=\"https:\/\/www.gewandfantasien.de\/bloggen\/wp-content\/uploads\/2014\/11\/cranach-kleid-vorderseite1-150x150.jpg 150w, https:\/\/www.gewandfantasien.de\/bloggen\/wp-content\/uploads\/2014\/11\/cranach-kleid-vorderseite1-300x300.jpg 300w, https:\/\/www.gewandfantasien.de\/bloggen\/wp-content\/uploads\/2014\/11\/cranach-kleid-vorderseite1-100x100.jpg 100w\" sizes=\"(max-width: 150px) 100vw, 150px\" \/><\/a>\n\t\t\t\t<\/div>\n\t\t\t\t\t<div class='wp-caption-text gallery-caption'>\n\t\t\t\t\t\t<p>\n\t\t\t\t\t\tCranach-Kleid f\u00fcr Burgverein nach Gem\u00e4lde, \u00fcber mehrere Gr\u00f6\u00dfen anpassbar. Dunkelgr\u00fcner Samt mit goldener Seide.\n\t\t\t\t\t\t<\/p>\n\t\t\t\t\t<\/div><\/div><div class='gallery-item gallery-item-position-2 gallery-item-attachment-710'>\n\t\t\t\t<div class='gallery-icon portrait'>\n\t\t\t\t\t<a href='https:\/\/www.gewandfantasien.de\/bloggen\/wp-content\/uploads\/2014\/11\/cranach-kleid-rueckseite1-623x1024.jpg' title='Cranach-Kleid f\u00fcr Burgverein' target='_self'><img decoding=\"async\" width=\"150\" height=\"150\" src=\"https:\/\/www.gewandfantasien.de\/bloggen\/wp-content\/uploads\/2014\/11\/cranach-kleid-rueckseite1-150x150.jpg\" class=\"attachment-thumbnail size-thumbnail\" alt=\"Cranach-Kleid f\u00fcr Burgverein\" srcset=\"https:\/\/www.gewandfantasien.de\/bloggen\/wp-content\/uploads\/2014\/11\/cranach-kleid-rueckseite1-150x150.jpg 150w, https:\/\/www.gewandfantasien.de\/bloggen\/wp-content\/uploads\/2014\/11\/cranach-kleid-rueckseite1-300x300.jpg 300w, https:\/\/www.gewandfantasien.de\/bloggen\/wp-content\/uploads\/2014\/11\/cranach-kleid-rueckseite1-100x100.jpg 100w\" sizes=\"(max-width: 150px) 100vw, 150px\" \/><\/a>\n\t\t\t\t<\/div>\n\t\t\t\t\t<div class='wp-caption-text gallery-caption'>\n\t\t\t\t\t\t<p>\n\t\t\t\t\t\tCranach-Kleid f\u00fcr Burgverein nach Gem\u00e4lde, \u00fcber mehrere Gr\u00f6\u00dfen anpassbar. Dunkelgr\u00fcner Samt mit goldener Seide.\n\t\t\t\t\t\t<\/p>\n\t\t\t\t\t<\/div><\/div><div class='gallery-item gallery-item-position-3 gallery-item-attachment-1158'>\n\t\t\t\t<div class='gallery-icon landscape'>\n\t\t\t\t\t<a href='https:\/\/www.gewandfantasien.de\/bloggen\/wp-content\/uploads\/2015\/05\/borgia-kleid-simone-richter-branwen-vintage-angel2-750x500.jpg' title='borgia-kleid-simone-richter-branwen-vintage-angel2' target='_self'><img decoding=\"async\" width=\"150\" height=\"150\" src=\"https:\/\/www.gewandfantasien.de\/bloggen\/wp-content\/uploads\/2015\/05\/borgia-kleid-simone-richter-branwen-vintage-angel2-150x150.jpg\" class=\"attachment-thumbnail size-thumbnail\" alt=\"Kleid der italienischen Renaissance\" srcset=\"https:\/\/www.gewandfantasien.de\/bloggen\/wp-content\/uploads\/2015\/05\/borgia-kleid-simone-richter-branwen-vintage-angel2-150x150.jpg 150w, https:\/\/www.gewandfantasien.de\/bloggen\/wp-content\/uploads\/2015\/05\/borgia-kleid-simone-richter-branwen-vintage-angel2-300x300.jpg 300w, https:\/\/www.gewandfantasien.de\/bloggen\/wp-content\/uploads\/2015\/05\/borgia-kleid-simone-richter-branwen-vintage-angel2-100x100.jpg 100w\" sizes=\"(max-width: 150px) 100vw, 150px\" \/><\/a>\n\t\t\t\t<\/div>\n\t\t\t\t\t<div class='wp-caption-text gallery-caption'>\n\t\t\t\t\t\t<p>\n\t\t\t\t\t\tKleid der italienischen Renaissance\n\t\t\t\t\t\t<\/p>\n\t\t\t\t\t<\/div><\/div><div class='gallery-item gallery-item-position-4 gallery-item-attachment-1496'>\n\t\t\t\t<div class='gallery-icon portrait'>\n\t\t\t\t\t<a href='https:\/\/www.gewandfantasien.de\/bloggen\/wp-content\/uploads\/2014\/11\/borgia-kleid-simone-richter-branwen-vintage-angel.jpg' title='borgia-kleid-simone-richter-branwen-vintage-angel' target='_self'><img loading=\"lazy\" decoding=\"async\" width=\"150\" height=\"150\" src=\"https:\/\/www.gewandfantasien.de\/bloggen\/wp-content\/uploads\/2014\/11\/borgia-kleid-simone-richter-branwen-vintage-angel-150x150.jpg\" class=\"attachment-thumbnail size-thumbnail\" alt=\"Kleid der italienischen Renaissance\" srcset=\"https:\/\/www.gewandfantasien.de\/bloggen\/wp-content\/uploads\/2014\/11\/borgia-kleid-simone-richter-branwen-vintage-angel-150x150.jpg 150w, https:\/\/www.gewandfantasien.de\/bloggen\/wp-content\/uploads\/2014\/11\/borgia-kleid-simone-richter-branwen-vintage-angel-300x300.jpg 300w, https:\/\/www.gewandfantasien.de\/bloggen\/wp-content\/uploads\/2014\/11\/borgia-kleid-simone-richter-branwen-vintage-angel-100x100.jpg 100w\" sizes=\"(max-width: 150px) 100vw, 150px\" \/><\/a>\n\t\t\t\t<\/div>\n\t\t\t\t\t<div class='wp-caption-text gallery-caption'>\n\t\t\t\t\t\t<p>\n\t\t\t\t\t\tKleid der italienischen Renaissance\n\t\t\t\t\t\t<\/p>\n\t\t\t\t\t<\/div><\/div><\/div>\n<\/div>\n<h4>Barock und Rokoko<\/h4>\n<p>ca. 1640-1795<br \/>\n<a href=\"http:\/\/www.gewandfantasien.de\/historische-kleidung\/barock-und-rokoko\/\">Barock und Rokoko im Shop<\/a><\/p>\n<div class=\"wc-gallery\"><div id='gallery-2' data-gutter-width='5' data-columns='3' class='gallery wc-gallery-captions-onhover gallery-link-file gallery-masonry galleryid-660 gallery-columns-3 gallery-size-thumbnail wc-gallery-bottomspace-default wc-gallery-clear'><div class='gallery-item gallery-item-position-1 gallery-item-attachment-691'>\n\t\t\t\t<div class='gallery-icon portrait'>\n\t\t\t\t\t<a href='https:\/\/www.gewandfantasien.de\/bloggen\/wp-content\/uploads\/2014\/11\/AB-20130126-00111.jpg' title='Mode ala turque' target='_self'><img loading=\"lazy\" decoding=\"async\" width=\"150\" height=\"150\" src=\"https:\/\/www.gewandfantasien.de\/bloggen\/wp-content\/uploads\/2014\/11\/AB-20130126-00111-150x150.jpg\" class=\"attachment-thumbnail size-thumbnail\" alt=\"Mode ala turque\" srcset=\"https:\/\/www.gewandfantasien.de\/bloggen\/wp-content\/uploads\/2014\/11\/AB-20130126-00111-150x150.jpg 150w, https:\/\/www.gewandfantasien.de\/bloggen\/wp-content\/uploads\/2014\/11\/AB-20130126-00111-300x300.jpg 300w, https:\/\/www.gewandfantasien.de\/bloggen\/wp-content\/uploads\/2014\/11\/AB-20130126-00111-100x100.jpg 100w\" sizes=\"(max-width: 150px) 100vw, 150px\" \/><\/a>\n\t\t\t\t<\/div>\n\t\t\t\t\t<div class='wp-caption-text gallery-caption'>\n\t\t\t\t\t\t<p>\n\t\t\t\t\t\tRokoko-Kleid nach t\u00fcrkischer Mode. Bild von Andreas Bremer\n\t\t\t\t\t\t<\/p>\n\t\t\t\t\t<\/div><\/div><div class='gallery-item gallery-item-position-2 gallery-item-attachment-692'>\n\t\t\t\t<div class='gallery-icon portrait'>\n\t\t\t\t\t<a href='https:\/\/www.gewandfantasien.de\/bloggen\/wp-content\/uploads\/2014\/11\/AB-20130126-00112.jpg' title='Mode ala turque' target='_self'><img loading=\"lazy\" decoding=\"async\" width=\"150\" height=\"150\" src=\"https:\/\/www.gewandfantasien.de\/bloggen\/wp-content\/uploads\/2014\/11\/AB-20130126-00112-150x150.jpg\" class=\"attachment-thumbnail size-thumbnail\" alt=\"Mode ala turque\" srcset=\"https:\/\/www.gewandfantasien.de\/bloggen\/wp-content\/uploads\/2014\/11\/AB-20130126-00112-150x150.jpg 150w, https:\/\/www.gewandfantasien.de\/bloggen\/wp-content\/uploads\/2014\/11\/AB-20130126-00112-300x300.jpg 300w, https:\/\/www.gewandfantasien.de\/bloggen\/wp-content\/uploads\/2014\/11\/AB-20130126-00112-100x100.jpg 100w\" sizes=\"(max-width: 150px) 100vw, 150px\" \/><\/a>\n\t\t\t\t<\/div>\n\t\t\t\t\t<div class='wp-caption-text gallery-caption'>\n\t\t\t\t\t\t<p>\n\t\t\t\t\t\tRokoko-Kleid nach t\u00fcrkischer Mode. Bild von Andreas Bremer\n\t\t\t\t\t\t<\/p>\n\t\t\t\t\t<\/div><\/div><div class='gallery-item gallery-item-position-3 gallery-item-attachment-698'>\n\t\t\t\t<div class='gallery-icon landscape'>\n\t\t\t\t\t<a href='https:\/\/www.gewandfantasien.de\/bloggen\/wp-content\/uploads\/2014\/11\/brunnen_klein-750x481.jpg' title='Rokoko um 1780' target='_self'><img loading=\"lazy\" decoding=\"async\" width=\"150\" height=\"150\" src=\"https:\/\/www.gewandfantasien.de\/bloggen\/wp-content\/uploads\/2014\/11\/brunnen_klein-150x150.jpg\" class=\"attachment-thumbnail size-thumbnail\" alt=\"Rokoko um 1780\" srcset=\"https:\/\/www.gewandfantasien.de\/bloggen\/wp-content\/uploads\/2014\/11\/brunnen_klein-150x150.jpg 150w, https:\/\/www.gewandfantasien.de\/bloggen\/wp-content\/uploads\/2014\/11\/brunnen_klein-300x300.jpg 300w, https:\/\/www.gewandfantasien.de\/bloggen\/wp-content\/uploads\/2014\/11\/brunnen_klein-100x100.jpg 100w\" sizes=\"(max-width: 150px) 100vw, 150px\" \/><\/a>\n\t\t\t\t<\/div>\n\t\t\t\t\t<div class='wp-caption-text gallery-caption'>\n\t\t\t\t\t\t<p>\n\t\t\t\t\t\tRokokokleider nach Orignalkleidern um 1780. Bild von Torben Adam\n\t\t\t\t\t\t<\/p>\n\t\t\t\t\t<\/div><\/div><div class='gallery-item gallery-item-position-4 gallery-item-attachment-697'>\n\t\t\t\t<div class='gallery-icon landscape'>\n\t\t\t\t\t<a href='https:\/\/www.gewandfantasien.de\/bloggen\/wp-content\/uploads\/2014\/11\/Bruecke-750x684.jpg' title='Rokoko um 1780' target='_self'><img loading=\"lazy\" decoding=\"async\" width=\"150\" height=\"150\" src=\"https:\/\/www.gewandfantasien.de\/bloggen\/wp-content\/uploads\/2014\/11\/Bruecke-150x150.jpg\" class=\"attachment-thumbnail size-thumbnail\" alt=\"Rokoko um 1780\" srcset=\"https:\/\/www.gewandfantasien.de\/bloggen\/wp-content\/uploads\/2014\/11\/Bruecke-150x150.jpg 150w, https:\/\/www.gewandfantasien.de\/bloggen\/wp-content\/uploads\/2014\/11\/Bruecke-300x300.jpg 300w, https:\/\/www.gewandfantasien.de\/bloggen\/wp-content\/uploads\/2014\/11\/Bruecke-100x100.jpg 100w\" sizes=\"(max-width: 150px) 100vw, 150px\" \/><\/a>\n\t\t\t\t<\/div>\n\t\t\t\t\t<div class='wp-caption-text gallery-caption'>\n\t\t\t\t\t\t<p>\n\t\t\t\t\t\tRokokokleider nach Orignalkleidern um 1780. Bild von Torben Adam\n\t\t\t\t\t\t<\/p>\n\t\t\t\t\t<\/div><\/div><div class='gallery-item gallery-item-position-5 gallery-item-attachment-687'>\n\t\t\t\t<div class='gallery-icon portrait'>\n\t\t\t\t\t<a href='https:\/\/www.gewandfantasien.de\/bloggen\/wp-content\/uploads\/2014\/11\/seite.jpg' title='Robe a la Francaise' target='_self'><img loading=\"lazy\" decoding=\"async\" width=\"150\" height=\"150\" src=\"https:\/\/www.gewandfantasien.de\/bloggen\/wp-content\/uploads\/2014\/11\/seite-150x150.jpg\" class=\"attachment-thumbnail size-thumbnail\" alt=\"Robe a la Francaise\" srcset=\"https:\/\/www.gewandfantasien.de\/bloggen\/wp-content\/uploads\/2014\/11\/seite-150x150.jpg 150w, https:\/\/www.gewandfantasien.de\/bloggen\/wp-content\/uploads\/2014\/11\/seite-300x300.jpg 300w, https:\/\/www.gewandfantasien.de\/bloggen\/wp-content\/uploads\/2014\/11\/seite-100x100.jpg 100w\" sizes=\"(max-width: 150px) 100vw, 150px\" \/><\/a>\n\t\t\t\t<\/div>\n\t\t\t\t\t<div class='wp-caption-text gallery-caption'>\n\t\t\t\t\t\t<p>\n\t\t\t\t\t\tRobe a la Francaise nach Original-Schnitt von 1780\n\t\t\t\t\t\t<\/p>\n\t\t\t\t\t<\/div><\/div><div class='gallery-item gallery-item-position-6 gallery-item-attachment-686'>\n\t\t\t\t<div class='gallery-icon portrait'>\n\t\t\t\t\t<a href='https:\/\/www.gewandfantasien.de\/bloggen\/wp-content\/uploads\/2014\/11\/back2.jpg' title='Robe a la Francaise' target='_self'><img loading=\"lazy\" decoding=\"async\" width=\"150\" height=\"150\" src=\"https:\/\/www.gewandfantasien.de\/bloggen\/wp-content\/uploads\/2014\/11\/back2-150x150.jpg\" class=\"attachment-thumbnail size-thumbnail\" alt=\"Robe a la Francaise\" srcset=\"https:\/\/www.gewandfantasien.de\/bloggen\/wp-content\/uploads\/2014\/11\/back2-150x150.jpg 150w, https:\/\/www.gewandfantasien.de\/bloggen\/wp-content\/uploads\/2014\/11\/back2-300x300.jpg 300w, https:\/\/www.gewandfantasien.de\/bloggen\/wp-content\/uploads\/2014\/11\/back2-100x100.jpg 100w\" sizes=\"(max-width: 150px) 100vw, 150px\" \/><\/a>\n\t\t\t\t<\/div>\n\t\t\t\t\t<div class='wp-caption-text gallery-caption'>\n\t\t\t\t\t\t<p>\n\t\t\t\t\t\tRobe a la Francaise nach Original-Schnitt von 1780\n\t\t\t\t\t\t<\/p>\n\t\t\t\t\t<\/div><\/div><div class='gallery-item gallery-item-position-7 gallery-item-attachment-685'>\n\t\t\t\t<div class='gallery-icon portrait'>\n\t\t\t\t\t<a href='https:\/\/www.gewandfantasien.de\/bloggen\/wp-content\/uploads\/2014\/11\/back.jpg' title='Robe a la Francaise' target='_self'><img loading=\"lazy\" decoding=\"async\" width=\"150\" height=\"150\" src=\"https:\/\/www.gewandfantasien.de\/bloggen\/wp-content\/uploads\/2014\/11\/back-150x150.jpg\" class=\"attachment-thumbnail size-thumbnail\" alt=\"Robe a la Francaise\" srcset=\"https:\/\/www.gewandfantasien.de\/bloggen\/wp-content\/uploads\/2014\/11\/back-150x150.jpg 150w, https:\/\/www.gewandfantasien.de\/bloggen\/wp-content\/uploads\/2014\/11\/back-300x300.jpg 300w, https:\/\/www.gewandfantasien.de\/bloggen\/wp-content\/uploads\/2014\/11\/back-100x100.jpg 100w\" sizes=\"(max-width: 150px) 100vw, 150px\" \/><\/a>\n\t\t\t\t<\/div>\n\t\t\t\t\t<div class='wp-caption-text gallery-caption'>\n\t\t\t\t\t\t<p>\n\t\t\t\t\t\tRobe a la Francaise nach Original-Schnitt von 1780\n\t\t\t\t\t\t<\/p>\n\t\t\t\t\t<\/div><\/div><div class='gallery-item gallery-item-position-8 gallery-item-attachment-702'>\n\t\t\t\t<div class='gallery-icon portrait'>\n\t\t\t\t\t<a href='https:\/\/www.gewandfantasien.de\/bloggen\/wp-content\/uploads\/2014\/11\/Rokokokleid_ingrid.jpg' title='Rokokokleid historisierend' target='_self'><img loading=\"lazy\" decoding=\"async\" width=\"150\" height=\"150\" src=\"https:\/\/www.gewandfantasien.de\/bloggen\/wp-content\/uploads\/2014\/11\/Rokokokleid_ingrid-150x150.jpg\" class=\"attachment-thumbnail size-thumbnail\" alt=\"Rokokokleid historisierend\" srcset=\"https:\/\/www.gewandfantasien.de\/bloggen\/wp-content\/uploads\/2014\/11\/Rokokokleid_ingrid-150x150.jpg 150w, https:\/\/www.gewandfantasien.de\/bloggen\/wp-content\/uploads\/2014\/11\/Rokokokleid_ingrid-300x300.jpg 300w, https:\/\/www.gewandfantasien.de\/bloggen\/wp-content\/uploads\/2014\/11\/Rokokokleid_ingrid-100x100.jpg 100w\" sizes=\"(max-width: 150px) 100vw, 150px\" \/><\/a>\n\t\t\t\t<\/div>\n\t\t\t\t\t<div class='wp-caption-text gallery-caption'>\n\t\t\t\t\t\t<p>\n\t\t\t\t\t\tRokokokleid nach der Mode des sp\u00e4ten Rokoko mit gekn\u00f6pfter Front. Anfertigung f\u00fcr eine Kundin mit gestellten Stoffen\n\t\t\t\t\t\t<\/p>\n\t\t\t\t\t<\/div><\/div><div class='gallery-item gallery-item-position-9 gallery-item-attachment-704'>\n\t\t\t\t<div class='gallery-icon portrait'>\n\t\t\t\t\t<a href='https:\/\/www.gewandfantasien.de\/bloggen\/wp-content\/uploads\/2014\/11\/Rokokokleid_ingrid-3.jpg' title='Rokokokleid historisierend' target='_self'><img loading=\"lazy\" decoding=\"async\" width=\"150\" height=\"150\" src=\"https:\/\/www.gewandfantasien.de\/bloggen\/wp-content\/uploads\/2014\/11\/Rokokokleid_ingrid-3-150x150.jpg\" class=\"attachment-thumbnail size-thumbnail\" alt=\"Rokokokleid historisierend\" srcset=\"https:\/\/www.gewandfantasien.de\/bloggen\/wp-content\/uploads\/2014\/11\/Rokokokleid_ingrid-3-150x150.jpg 150w, https:\/\/www.gewandfantasien.de\/bloggen\/wp-content\/uploads\/2014\/11\/Rokokokleid_ingrid-3-300x300.jpg 300w, https:\/\/www.gewandfantasien.de\/bloggen\/wp-content\/uploads\/2014\/11\/Rokokokleid_ingrid-3-100x100.jpg 100w\" sizes=\"(max-width: 150px) 100vw, 150px\" \/><\/a>\n\t\t\t\t<\/div>\n\t\t\t\t\t<div class='wp-caption-text gallery-caption'>\n\t\t\t\t\t\t<p>\n\t\t\t\t\t\tRokokokleid nach der Mode des sp\u00e4ten Rokoko mit gekn\u00f6pfter Front. Anfertigung f\u00fcr eine Kundin mit gestellten Stoffen\n\t\t\t\t\t\t<\/p>\n\t\t\t\t\t<\/div><\/div><div class='gallery-item gallery-item-position-10 gallery-item-attachment-703'>\n\t\t\t\t<div class='gallery-icon portrait'>\n\t\t\t\t\t<a href='https:\/\/www.gewandfantasien.de\/bloggen\/wp-content\/uploads\/2014\/11\/Rokokokleid_ingrid-2.jpg' title='Rokokokleid historisierend' target='_self'><img loading=\"lazy\" decoding=\"async\" width=\"150\" height=\"150\" src=\"https:\/\/www.gewandfantasien.de\/bloggen\/wp-content\/uploads\/2014\/11\/Rokokokleid_ingrid-2-150x150.jpg\" class=\"attachment-thumbnail size-thumbnail\" alt=\"Rokokokleid historisierend\" srcset=\"https:\/\/www.gewandfantasien.de\/bloggen\/wp-content\/uploads\/2014\/11\/Rokokokleid_ingrid-2-150x150.jpg 150w, https:\/\/www.gewandfantasien.de\/bloggen\/wp-content\/uploads\/2014\/11\/Rokokokleid_ingrid-2-300x300.jpg 300w, https:\/\/www.gewandfantasien.de\/bloggen\/wp-content\/uploads\/2014\/11\/Rokokokleid_ingrid-2-100x100.jpg 100w\" sizes=\"(max-width: 150px) 100vw, 150px\" \/><\/a>\n\t\t\t\t<\/div>\n\t\t\t\t\t<div class='wp-caption-text gallery-caption'>\n\t\t\t\t\t\t<p>\n\t\t\t\t\t\tRokokokleid nach der Mode des sp\u00e4ten Rokoko mit gekn\u00f6pfter Front. Anfertigung f\u00fcr eine Kundin mit gestellten Stoffen\n\t\t\t\t\t\t<\/p>\n\t\t\t\t\t<\/div><\/div><div class='gallery-item gallery-item-position-11 gallery-item-attachment-705'>\n\t\t\t\t<div class='gallery-icon portrait'>\n\t\t\t\t\t<a href='https:\/\/www.gewandfantasien.de\/bloggen\/wp-content\/uploads\/2014\/11\/Rokokokleid_ingrid-4.jpg' title='Rokokokleid historisierend' target='_self'><img loading=\"lazy\" decoding=\"async\" width=\"150\" height=\"150\" src=\"https:\/\/www.gewandfantasien.de\/bloggen\/wp-content\/uploads\/2014\/11\/Rokokokleid_ingrid-4-150x150.jpg\" class=\"attachment-thumbnail size-thumbnail\" alt=\"Rokokokleid historisierend\" srcset=\"https:\/\/www.gewandfantasien.de\/bloggen\/wp-content\/uploads\/2014\/11\/Rokokokleid_ingrid-4-150x150.jpg 150w, https:\/\/www.gewandfantasien.de\/bloggen\/wp-content\/uploads\/2014\/11\/Rokokokleid_ingrid-4-300x300.jpg 300w, https:\/\/www.gewandfantasien.de\/bloggen\/wp-content\/uploads\/2014\/11\/Rokokokleid_ingrid-4-100x100.jpg 100w\" sizes=\"(max-width: 150px) 100vw, 150px\" \/><\/a>\n\t\t\t\t<\/div>\n\t\t\t\t\t<div class='wp-caption-text gallery-caption'>\n\t\t\t\t\t\t<p>\n\t\t\t\t\t\tRokokokleid nach der Mode des sp\u00e4ten Rokoko mit gekn\u00f6pfter Front. Anfertigung f\u00fcr eine Kundin mit gestellten Stoffen\n\t\t\t\t\t\t<\/p>\n\t\t\t\t\t<\/div><\/div><div class='gallery-item gallery-item-position-12 gallery-item-attachment-681'>\n\t\t\t\t<div class='gallery-icon portrait'>\n\t\t\t\t\t<a href='https:\/\/www.gewandfantasien.de\/bloggen\/wp-content\/uploads\/2014\/11\/schokoladenm\u00e4dchen_vorderseite.jpg' title='Kleid Schokoladenm\u00e4dchenderseite' target='_self'><img loading=\"lazy\" decoding=\"async\" width=\"150\" height=\"150\" src=\"https:\/\/www.gewandfantasien.de\/bloggen\/wp-content\/uploads\/2014\/11\/schokoladenm\u00e4dchen_vorderseite-150x150.jpg\" class=\"attachment-thumbnail size-thumbnail\" alt=\"Kleid Schokoladenm\u00e4dchen\" srcset=\"https:\/\/www.gewandfantasien.de\/bloggen\/wp-content\/uploads\/2014\/11\/schokoladenm\u00e4dchen_vorderseite-150x150.jpg 150w, https:\/\/www.gewandfantasien.de\/bloggen\/wp-content\/uploads\/2014\/11\/schokoladenm\u00e4dchen_vorderseite-300x300.jpg 300w, https:\/\/www.gewandfantasien.de\/bloggen\/wp-content\/uploads\/2014\/11\/schokoladenm\u00e4dchen_vorderseite-100x100.jpg 100w\" sizes=\"(max-width: 150px) 100vw, 150px\" \/><\/a>\n\t\t\t\t<\/div>\n\t\t\t\t\t<div class='wp-caption-text gallery-caption'>\n\t\t\t\t\t\t<p>\n\t\t\t\t\t\tEnsemble aus Jacken Rock, Sch\u00fcrze und Fichu nach dem Gem\u00e4lde &#8222;Das Schokoladenm\u00e4dchen&#8220;\n\t\t\t\t\t\t<\/p>\n\t\t\t\t\t<\/div><\/div><div class='gallery-item gallery-item-position-13 gallery-item-attachment-680'>\n\t\t\t\t<div class='gallery-icon portrait'>\n\t\t\t\t\t<a href='https:\/\/www.gewandfantasien.de\/bloggen\/wp-content\/uploads\/2014\/11\/schokoladenm\u00e4dchen_seite.jpg' title='Kleid Schokoladenm\u00e4dchen' target='_self'><img loading=\"lazy\" decoding=\"async\" width=\"150\" height=\"150\" src=\"https:\/\/www.gewandfantasien.de\/bloggen\/wp-content\/uploads\/2014\/11\/schokoladenm\u00e4dchen_seite-150x150.jpg\" class=\"attachment-thumbnail size-thumbnail\" alt=\"Kleid Schokoladenm\u00e4dchen\" srcset=\"https:\/\/www.gewandfantasien.de\/bloggen\/wp-content\/uploads\/2014\/11\/schokoladenm\u00e4dchen_seite-150x150.jpg 150w, https:\/\/www.gewandfantasien.de\/bloggen\/wp-content\/uploads\/2014\/11\/schokoladenm\u00e4dchen_seite-300x300.jpg 300w, https:\/\/www.gewandfantasien.de\/bloggen\/wp-content\/uploads\/2014\/11\/schokoladenm\u00e4dchen_seite-100x100.jpg 100w\" sizes=\"(max-width: 150px) 100vw, 150px\" \/><\/a>\n\t\t\t\t<\/div>\n\t\t\t\t\t<div class='wp-caption-text gallery-caption'>\n\t\t\t\t\t\t<p>\n\t\t\t\t\t\tEnsemble aus Jacken Rock, Sch\u00fcrze und Fichu nach dem Gem\u00e4lde &#8222;Das Schokoladenm\u00e4dchen&#8220;\n\t\t\t\t\t\t<\/p>\n\t\t\t\t\t<\/div><\/div><div class='gallery-item gallery-item-position-14 gallery-item-attachment-679'>\n\t\t\t\t<div class='gallery-icon portrait'>\n\t\t\t\t\t<a href='https:\/\/www.gewandfantasien.de\/bloggen\/wp-content\/uploads\/2014\/11\/schokoladenm\u00e4dchen_r\u00fcckseite.jpg' title='Kleid Schokoladenm\u00e4dchen' target='_self'><img loading=\"lazy\" decoding=\"async\" width=\"150\" height=\"150\" src=\"https:\/\/www.gewandfantasien.de\/bloggen\/wp-content\/uploads\/2014\/11\/schokoladenm\u00e4dchen_r\u00fcckseite-150x150.jpg\" class=\"attachment-thumbnail size-thumbnail\" alt=\"Kleid Schokoladenm\u00e4dchen\" srcset=\"https:\/\/www.gewandfantasien.de\/bloggen\/wp-content\/uploads\/2014\/11\/schokoladenm\u00e4dchen_r\u00fcckseite-150x150.jpg 150w, https:\/\/www.gewandfantasien.de\/bloggen\/wp-content\/uploads\/2014\/11\/schokoladenm\u00e4dchen_r\u00fcckseite-300x300.jpg 300w, https:\/\/www.gewandfantasien.de\/bloggen\/wp-content\/uploads\/2014\/11\/schokoladenm\u00e4dchen_r\u00fcckseite-100x100.jpg 100w\" sizes=\"(max-width: 150px) 100vw, 150px\" \/><\/a>\n\t\t\t\t<\/div>\n\t\t\t\t\t<div class='wp-caption-text gallery-caption'>\n\t\t\t\t\t\t<p>\n\t\t\t\t\t\tEnsemble aus Jacken Rock, Sch\u00fcrze und Fichu nach dem Gem\u00e4lde &#8222;Das Schokoladenm\u00e4dchen&#8220;\n\t\t\t\t\t\t<\/p>\n\t\t\t\t\t<\/div><\/div><div class='gallery-item gallery-item-position-15 gallery-item-attachment-1497'>\n\t\t\t\t<div class='gallery-icon portrait'>\n\t\t\t\t\t<a href='https:\/\/www.gewandfantasien.de\/bloggen\/wp-content\/uploads\/2014\/11\/gehrock-barock-gruen-rot-1-512x1024.jpg' title='gehrock-barock-gruen-rot-1' target='_self'><img loading=\"lazy\" decoding=\"async\" width=\"150\" height=\"150\" src=\"https:\/\/www.gewandfantasien.de\/bloggen\/wp-content\/uploads\/2014\/11\/gehrock-barock-gruen-rot-1-150x150.jpg\" class=\"attachment-thumbnail size-thumbnail\" alt=\"Uniform-Gehrock mit passender Weste\" srcset=\"https:\/\/www.gewandfantasien.de\/bloggen\/wp-content\/uploads\/2014\/11\/gehrock-barock-gruen-rot-1-150x150.jpg 150w, https:\/\/www.gewandfantasien.de\/bloggen\/wp-content\/uploads\/2014\/11\/gehrock-barock-gruen-rot-1-300x300.jpg 300w, https:\/\/www.gewandfantasien.de\/bloggen\/wp-content\/uploads\/2014\/11\/gehrock-barock-gruen-rot-1-100x100.jpg 100w\" sizes=\"(max-width: 150px) 100vw, 150px\" \/><\/a>\n\t\t\t\t<\/div>\n\t\t\t\t\t<div class='wp-caption-text gallery-caption'>\n\t\t\t\t\t\t<p>\n\t\t\t\t\t\tUniform-Gehrock mit passender Weste\n\t\t\t\t\t\t<\/p>\n\t\t\t\t\t<\/div><\/div><\/div>\n<\/div>\n<h4>Empire und Regency<\/h4>\n<p>ca. 1795-1830<br \/>\n<a href=\"http:\/\/www.gewandfantasien.de\/historische-kleidung\/empire-und-regency\/\">Empire und Regency im Shop<\/a><\/p>\n<div class=\"wc-gallery\"><div id='gallery-3' data-gutter-width='5' data-columns='3' class='gallery wc-gallery-captions-onhover gallery-link-file gallery-masonry galleryid-660 gallery-columns-3 gallery-size-thumbnail wc-gallery-bottomspace-default wc-gallery-clear'><div class='gallery-item gallery-item-position-1 gallery-item-attachment-670'>\n\t\t\t\t<div class='gallery-icon portrait'>\n\t\t\t\t\t<a href='https:\/\/www.gewandfantasien.de\/bloggen\/wp-content\/uploads\/2014\/11\/11.jpg' title='Empirekleid Aimee' target='_self'><img loading=\"lazy\" decoding=\"async\" width=\"150\" height=\"150\" src=\"https:\/\/www.gewandfantasien.de\/bloggen\/wp-content\/uploads\/2014\/11\/11-150x150.jpg\" class=\"attachment-thumbnail size-thumbnail\" alt=\"Empirekleid Aimee\" srcset=\"https:\/\/www.gewandfantasien.de\/bloggen\/wp-content\/uploads\/2014\/11\/11-150x150.jpg 150w, https:\/\/www.gewandfantasien.de\/bloggen\/wp-content\/uploads\/2014\/11\/11-100x100.jpg 100w\" sizes=\"(max-width: 150px) 100vw, 150px\" \/><\/a>\n\t\t\t\t<\/div>\n\t\t\t\t\t<div class='wp-caption-text gallery-caption'>\n\t\t\t\t\t\t<p>\n\t\t\t\t\t\tEmpirekleid nach erhaltenen Originalen. \n\t\t\t\t\t\t<\/p>\n\t\t\t\t\t<\/div><\/div><div class='gallery-item gallery-item-position-2 gallery-item-attachment-669'>\n\t\t\t\t<div class='gallery-icon portrait'>\n\t\t\t\t\t<a href='https:\/\/www.gewandfantasien.de\/bloggen\/wp-content\/uploads\/2014\/11\/7.jpg' title='Empirekleid Aimee' target='_self'><img loading=\"lazy\" decoding=\"async\" width=\"150\" height=\"150\" src=\"https:\/\/www.gewandfantasien.de\/bloggen\/wp-content\/uploads\/2014\/11\/7-150x150.jpg\" class=\"attachment-thumbnail size-thumbnail\" alt=\"Empirekleid Aimee\" srcset=\"https:\/\/www.gewandfantasien.de\/bloggen\/wp-content\/uploads\/2014\/11\/7-150x150.jpg 150w, https:\/\/www.gewandfantasien.de\/bloggen\/wp-content\/uploads\/2014\/11\/7-300x300.jpg 300w, https:\/\/www.gewandfantasien.de\/bloggen\/wp-content\/uploads\/2014\/11\/7-100x100.jpg 100w\" sizes=\"(max-width: 150px) 100vw, 150px\" \/><\/a>\n\t\t\t\t<\/div>\n\t\t\t\t\t<div class='wp-caption-text gallery-caption'>\n\t\t\t\t\t\t<p>\n\t\t\t\t\t\tEmpirekleid nach erhaltenen Originalen. \n\t\t\t\t\t\t<\/p>\n\t\t\t\t\t<\/div><\/div><div class='gallery-item gallery-item-position-3 gallery-item-attachment-668'>\n\t\t\t\t<div class='gallery-icon portrait'>\n\t\t\t\t\t<a href='https:\/\/www.gewandfantasien.de\/bloggen\/wp-content\/uploads\/2014\/11\/2.jpg' title='Empirekleid Aimee' target='_self'><img loading=\"lazy\" decoding=\"async\" width=\"150\" height=\"150\" src=\"https:\/\/www.gewandfantasien.de\/bloggen\/wp-content\/uploads\/2014\/11\/2-150x150.jpg\" class=\"attachment-thumbnail size-thumbnail\" alt=\"Empirekleid Aimee\" srcset=\"https:\/\/www.gewandfantasien.de\/bloggen\/wp-content\/uploads\/2014\/11\/2-150x150.jpg 150w, https:\/\/www.gewandfantasien.de\/bloggen\/wp-content\/uploads\/2014\/11\/2-300x300.jpg 300w, https:\/\/www.gewandfantasien.de\/bloggen\/wp-content\/uploads\/2014\/11\/2-100x100.jpg 100w\" sizes=\"(max-width: 150px) 100vw, 150px\" \/><\/a>\n\t\t\t\t<\/div>\n\t\t\t\t\t<div class='wp-caption-text gallery-caption'>\n\t\t\t\t\t\t<p>\n\t\t\t\t\t\tEmpirekleid nach erhaltenen Originalen. \n\t\t\t\t\t\t<\/p>\n\t\t\t\t\t<\/div><\/div><div class='gallery-item gallery-item-position-4 gallery-item-attachment-675'>\n\t\t\t\t<div class='gallery-icon portrait'>\n\t\t\t\t\t<a href='https:\/\/www.gewandfantasien.de\/bloggen\/wp-content\/uploads\/2014\/11\/model_back.jpg' title='Empirekleid Desiree' target='_self'><img loading=\"lazy\" decoding=\"async\" width=\"150\" height=\"150\" src=\"https:\/\/www.gewandfantasien.de\/bloggen\/wp-content\/uploads\/2014\/11\/model_back-150x150.jpg\" class=\"attachment-thumbnail size-thumbnail\" alt=\"Empirekleid Desiree\" srcset=\"https:\/\/www.gewandfantasien.de\/bloggen\/wp-content\/uploads\/2014\/11\/model_back-150x150.jpg 150w, https:\/\/www.gewandfantasien.de\/bloggen\/wp-content\/uploads\/2014\/11\/model_back-300x300.jpg 300w, https:\/\/www.gewandfantasien.de\/bloggen\/wp-content\/uploads\/2014\/11\/model_back-100x100.jpg 100w\" sizes=\"(max-width: 150px) 100vw, 150px\" \/><\/a>\n\t\t\t\t<\/div>\n\t\t\t\t\t<div class='wp-caption-text gallery-caption'>\n\t\t\t\t\t\t<p>\n\t\t\t\t\t\tEmpirekleid aus der Zeit um 1815. Bild von razzdazzdesign.com\n\t\t\t\t\t\t<\/p>\n\t\t\t\t\t<\/div><\/div><div class='gallery-item gallery-item-position-5 gallery-item-attachment-677'>\n\t\t\t\t<div class='gallery-icon portrait'>\n\t\t\t\t\t<a href='https:\/\/www.gewandfantasien.de\/bloggen\/wp-content\/uploads\/2014\/11\/model_front.jpg' title='Empirekleid Desiree' target='_self'><img loading=\"lazy\" decoding=\"async\" width=\"150\" height=\"150\" src=\"https:\/\/www.gewandfantasien.de\/bloggen\/wp-content\/uploads\/2014\/11\/model_front-150x150.jpg\" class=\"attachment-thumbnail size-thumbnail\" alt=\"Empirekleid Desiree\" srcset=\"https:\/\/www.gewandfantasien.de\/bloggen\/wp-content\/uploads\/2014\/11\/model_front-150x150.jpg 150w, https:\/\/www.gewandfantasien.de\/bloggen\/wp-content\/uploads\/2014\/11\/model_front-300x300.jpg 300w, https:\/\/www.gewandfantasien.de\/bloggen\/wp-content\/uploads\/2014\/11\/model_front-100x100.jpg 100w\" sizes=\"(max-width: 150px) 100vw, 150px\" \/><\/a>\n\t\t\t\t<\/div>\n\t\t\t\t\t<div class='wp-caption-text gallery-caption'>\n\t\t\t\t\t\t<p>\n\t\t\t\t\t\tEmpirekleid aus der Zeit um 1815. Bild von razzdazzdesign.com\n\t\t\t\t\t\t<\/p>\n\t\t\t\t\t<\/div><\/div><div class='gallery-item gallery-item-position-6 gallery-item-attachment-676'>\n\t\t\t\t<div class='gallery-icon portrait'>\n\t\t\t\t\t<a href='https:\/\/www.gewandfantasien.de\/bloggen\/wp-content\/uploads\/2014\/11\/model_faecher.jpg' title='Empirekleid Desiree' target='_self'><img loading=\"lazy\" decoding=\"async\" width=\"150\" height=\"150\" src=\"https:\/\/www.gewandfantasien.de\/bloggen\/wp-content\/uploads\/2014\/11\/model_faecher-150x150.jpg\" class=\"attachment-thumbnail size-thumbnail\" alt=\"Empirekleid Desiree\" srcset=\"https:\/\/www.gewandfantasien.de\/bloggen\/wp-content\/uploads\/2014\/11\/model_faecher-150x150.jpg 150w, https:\/\/www.gewandfantasien.de\/bloggen\/wp-content\/uploads\/2014\/11\/model_faecher-300x300.jpg 300w, https:\/\/www.gewandfantasien.de\/bloggen\/wp-content\/uploads\/2014\/11\/model_faecher-100x100.jpg 100w\" sizes=\"(max-width: 150px) 100vw, 150px\" \/><\/a>\n\t\t\t\t<\/div>\n\t\t\t\t\t<div class='wp-caption-text gallery-caption'>\n\t\t\t\t\t\t<p>\n\t\t\t\t\t\tEmpirekleid aus der Zeit um 1815. Bild von razzdazzdesign.com\n\t\t\t\t\t\t<\/p>\n\t\t\t\t\t<\/div><\/div><div class='gallery-item gallery-item-position-7 gallery-item-attachment-1221'>\n\t\t\t\t<div class='gallery-icon landscape'>\n\t\t\t\t\t<a href='https:\/\/www.gewandfantasien.de\/bloggen\/wp-content\/uploads\/2015\/06\/IMG_1112-e1434270712638-750x1000.jpg' title='Empire dress cream and red' target='_self'><img loading=\"lazy\" decoding=\"async\" width=\"150\" height=\"150\" src=\"https:\/\/www.gewandfantasien.de\/bloggen\/wp-content\/uploads\/2015\/06\/IMG_1112-e1434270712638-150x150.jpg\" class=\"attachment-thumbnail size-thumbnail\" alt=\"Empire dress in cream and red, square neckline\" srcset=\"https:\/\/www.gewandfantasien.de\/bloggen\/wp-content\/uploads\/2015\/06\/IMG_1112-e1434270712638-150x150.jpg 150w, https:\/\/www.gewandfantasien.de\/bloggen\/wp-content\/uploads\/2015\/06\/IMG_1112-e1434270712638-300x300.jpg 300w, https:\/\/www.gewandfantasien.de\/bloggen\/wp-content\/uploads\/2015\/06\/IMG_1112-e1434270712638-100x100.jpg 100w\" sizes=\"(max-width: 150px) 100vw, 150px\" \/><\/a>\n\t\t\t\t<\/div>\n\t\t\t\t\t<div class='wp-caption-text gallery-caption'>\n\t\t\t\t\t\t<p>\n\t\t\t\t\t\tEmpire dress in cream and red, square neckline\n\t\t\t\t\t\t<\/p>\n\t\t\t\t\t<\/div><\/div><div class='gallery-item gallery-item-position-8 gallery-item-attachment-1220'>\n\t\t\t\t<div class='gallery-icon landscape'>\n\t\t\t\t\t<a href='https:\/\/www.gewandfantasien.de\/bloggen\/wp-content\/uploads\/2015\/06\/2015-05-16-17-e1434270779831-750x1000.jpg' title='Empire dress, back view, cream and red' target='_self'><img loading=\"lazy\" decoding=\"async\" width=\"150\" height=\"150\" src=\"https:\/\/www.gewandfantasien.de\/bloggen\/wp-content\/uploads\/2015\/06\/2015-05-16-17-e1434270779831-150x150.jpg\" class=\"attachment-thumbnail size-thumbnail\" alt=\"Empire dress, back view, cream and red\" srcset=\"https:\/\/www.gewandfantasien.de\/bloggen\/wp-content\/uploads\/2015\/06\/2015-05-16-17-e1434270779831-150x150.jpg 150w, https:\/\/www.gewandfantasien.de\/bloggen\/wp-content\/uploads\/2015\/06\/2015-05-16-17-e1434270779831-300x300.jpg 300w, https:\/\/www.gewandfantasien.de\/bloggen\/wp-content\/uploads\/2015\/06\/2015-05-16-17-e1434270779831-100x100.jpg 100w\" sizes=\"(max-width: 150px) 100vw, 150px\" \/><\/a>\n\t\t\t\t<\/div>\n\t\t\t\t\t<div class='wp-caption-text gallery-caption'>\n\t\t\t\t\t\t<p>\n\t\t\t\t\t\tEmpire dress, back view, cream and red\n\t\t\t\t\t\t<\/p>\n\t\t\t\t\t<\/div><\/div><\/div>\n<\/div>\n<h4>Biedermeier und Krinoline<\/h4>\n<p>ca. 1830-1869<br \/>\nBiedermeier und Krinoline im Shop<\/p>\n<div class=\"wc-gallery\"><div id='gallery-4' data-gutter-width='5' data-columns='3' class='gallery wc-gallery-captions-onhover gallery-link-file gallery-masonry galleryid-660 gallery-columns-3 gallery-size-thumbnail wc-gallery-bottomspace-default wc-gallery-clear'><div class='gallery-item gallery-item-position-1 gallery-item-attachment-662'>\n\t\t\t\t<div class='gallery-icon portrait'>\n\t\t\t\t\t<a href='https:\/\/www.gewandfantasien.de\/bloggen\/wp-content\/uploads\/2014\/11\/ballkleid-krinoline-1.jpg' title='Ballkleid Krinoline 1860' target='_self'><img loading=\"lazy\" decoding=\"async\" width=\"150\" height=\"150\" src=\"https:\/\/www.gewandfantasien.de\/bloggen\/wp-content\/uploads\/2014\/11\/ballkleid-krinoline-1-150x150.jpg\" class=\"attachment-thumbnail size-thumbnail\" alt=\"Ballkleid Krinoline 1860\" srcset=\"https:\/\/www.gewandfantasien.de\/bloggen\/wp-content\/uploads\/2014\/11\/ballkleid-krinoline-1-150x150.jpg 150w, https:\/\/www.gewandfantasien.de\/bloggen\/wp-content\/uploads\/2014\/11\/ballkleid-krinoline-1-300x300.jpg 300w, https:\/\/www.gewandfantasien.de\/bloggen\/wp-content\/uploads\/2014\/11\/ballkleid-krinoline-1-100x100.jpg 100w\" sizes=\"(max-width: 150px) 100vw, 150px\" \/><\/a>\n\t\t\t\t<\/div>\n\t\t\t\t\t<div class='wp-caption-text gallery-caption'>\n\t\t\t\t\t\t<p>\n\t\t\t\t\t\tZweiteiliges Kleid aus Seide. Oberteil mit Plastikfischbein verst\u00e4rkt. Verzierung am Ausschnitt mit Spitze und Faltenborte. \n\t\t\t\t\t\t<\/p>\n\t\t\t\t\t<\/div><\/div><div class='gallery-item gallery-item-position-2 gallery-item-attachment-663'>\n\t\t\t\t<div class='gallery-icon portrait'>\n\t\t\t\t\t<a href='https:\/\/www.gewandfantasien.de\/bloggen\/wp-content\/uploads\/2014\/11\/ballkleid-krinoline-2.jpg' title='Ballkleid Krinoline 1860' target='_self'><img loading=\"lazy\" decoding=\"async\" width=\"150\" height=\"150\" src=\"https:\/\/www.gewandfantasien.de\/bloggen\/wp-content\/uploads\/2014\/11\/ballkleid-krinoline-2-150x150.jpg\" class=\"attachment-thumbnail size-thumbnail\" alt=\"Ballkleid Krinoline 1860\" srcset=\"https:\/\/www.gewandfantasien.de\/bloggen\/wp-content\/uploads\/2014\/11\/ballkleid-krinoline-2-150x150.jpg 150w, https:\/\/www.gewandfantasien.de\/bloggen\/wp-content\/uploads\/2014\/11\/ballkleid-krinoline-2-300x300.jpg 300w, https:\/\/www.gewandfantasien.de\/bloggen\/wp-content\/uploads\/2014\/11\/ballkleid-krinoline-2-100x100.jpg 100w, https:\/\/www.gewandfantasien.de\/bloggen\/wp-content\/uploads\/2014\/11\/ballkleid-krinoline-2-400x400.jpg 400w\" sizes=\"(max-width: 150px) 100vw, 150px\" \/><\/a>\n\t\t\t\t<\/div>\n\t\t\t\t\t<div class='wp-caption-text gallery-caption'>\n\t\t\t\t\t\t<p>\n\t\t\t\t\t\tZweiteiliges Kleid aus Seide. Oberteil mit Plastikfischbein verst\u00e4rkt. Verzierung am Ausschnitt mit Spitze und Faltenborte. \n\t\t\t\t\t\t<\/p>\n\t\t\t\t\t<\/div><\/div><div class='gallery-item gallery-item-position-3 gallery-item-attachment-664'>\n\t\t\t\t<div class='gallery-icon portrait'>\n\t\t\t\t\t<a href='https:\/\/www.gewandfantasien.de\/bloggen\/wp-content\/uploads\/2014\/11\/ballkleid-krinoline-3.jpg' title='Ballkleid Krinoline 1860' target='_self'><img loading=\"lazy\" decoding=\"async\" width=\"150\" height=\"150\" src=\"https:\/\/www.gewandfantasien.de\/bloggen\/wp-content\/uploads\/2014\/11\/ballkleid-krinoline-3-150x150.jpg\" class=\"attachment-thumbnail size-thumbnail\" alt=\"Ballkleid Krinoline 1860\" srcset=\"https:\/\/www.gewandfantasien.de\/bloggen\/wp-content\/uploads\/2014\/11\/ballkleid-krinoline-3-150x150.jpg 150w, https:\/\/www.gewandfantasien.de\/bloggen\/wp-content\/uploads\/2014\/11\/ballkleid-krinoline-3-300x300.jpg 300w, https:\/\/www.gewandfantasien.de\/bloggen\/wp-content\/uploads\/2014\/11\/ballkleid-krinoline-3-100x100.jpg 100w, https:\/\/www.gewandfantasien.de\/bloggen\/wp-content\/uploads\/2014\/11\/ballkleid-krinoline-3-400x400.jpg 400w\" sizes=\"(max-width: 150px) 100vw, 150px\" \/><\/a>\n\t\t\t\t<\/div>\n\t\t\t\t\t<div class='wp-caption-text gallery-caption'>\n\t\t\t\t\t\t<p>\n\t\t\t\t\t\tZweiteiliges Kleid aus Seide. Oberteil mit Plastikfischbein verst\u00e4rkt. Verzierung am Ausschnitt mit Spitze und Faltenborte. \n\t\t\t\t\t\t<\/p>\n\t\t\t\t\t<\/div><\/div><div class='gallery-item gallery-item-position-4 gallery-item-attachment-665'>\n\t\t\t\t<div class='gallery-icon portrait'>\n\t\t\t\t\t<a href='https:\/\/www.gewandfantasien.de\/bloggen\/wp-content\/uploads\/2014\/11\/ballkleid-krinoline-4.jpg' title='Ballkleid Krinoline 1860' target='_self'><img loading=\"lazy\" decoding=\"async\" width=\"150\" height=\"150\" src=\"https:\/\/www.gewandfantasien.de\/bloggen\/wp-content\/uploads\/2014\/11\/ballkleid-krinoline-4-150x150.jpg\" class=\"attachment-thumbnail size-thumbnail\" alt=\"Ballkleid Krinoline 1860\" srcset=\"https:\/\/www.gewandfantasien.de\/bloggen\/wp-content\/uploads\/2014\/11\/ballkleid-krinoline-4-150x150.jpg 150w, https:\/\/www.gewandfantasien.de\/bloggen\/wp-content\/uploads\/2014\/11\/ballkleid-krinoline-4-300x300.jpg 300w, https:\/\/www.gewandfantasien.de\/bloggen\/wp-content\/uploads\/2014\/11\/ballkleid-krinoline-4-100x100.jpg 100w, https:\/\/www.gewandfantasien.de\/bloggen\/wp-content\/uploads\/2014\/11\/ballkleid-krinoline-4-400x400.jpg 400w\" sizes=\"(max-width: 150px) 100vw, 150px\" \/><\/a>\n\t\t\t\t<\/div>\n\t\t\t\t\t<div class='wp-caption-text gallery-caption'>\n\t\t\t\t\t\t<p>\n\t\t\t\t\t\tZweiteiliges Kleid aus Seide. Oberteil mit Plastikfischbein verst\u00e4rkt. Verzierung am Ausschnitt mit Spitze und Faltenborte. \n\t\t\t\t\t\t<\/p>\n\t\t\t\t\t<\/div><\/div><div class='gallery-item gallery-item-position-5 gallery-item-attachment-707'>\n\t\t\t\t<div class='gallery-icon portrait'>\n\t\t\t\t\t<a href='https:\/\/www.gewandfantasien.de\/bloggen\/wp-content\/uploads\/2014\/11\/front1.jpg' title='Tageskleid Krinolinenzeit' target='_self'><img loading=\"lazy\" decoding=\"async\" width=\"150\" height=\"150\" src=\"https:\/\/www.gewandfantasien.de\/bloggen\/wp-content\/uploads\/2014\/11\/front1-150x150.jpg\" class=\"attachment-thumbnail size-thumbnail\" alt=\"Tageskleid Krinolinenzeit\" srcset=\"https:\/\/www.gewandfantasien.de\/bloggen\/wp-content\/uploads\/2014\/11\/front1-150x150.jpg 150w, https:\/\/www.gewandfantasien.de\/bloggen\/wp-content\/uploads\/2014\/11\/front1-300x300.jpg 300w, https:\/\/www.gewandfantasien.de\/bloggen\/wp-content\/uploads\/2014\/11\/front1-100x100.jpg 100w\" sizes=\"(max-width: 150px) 100vw, 150px\" \/><\/a>\n\t\t\t\t<\/div>\n\t\t\t\t\t<div class='wp-caption-text gallery-caption'>\n\t\t\t\t\t\t<p>\n\t\t\t\t\t\tTageskleid der Krinolinenzeit, zweiteilig. Anfertigung f\u00fcr eine Kundin aus gestellten Stoffen\n\t\t\t\t\t\t<\/p>\n\t\t\t\t\t<\/div><\/div><div class='gallery-item gallery-item-position-6 gallery-item-attachment-708'>\n\t\t\t\t<div class='gallery-icon portrait'>\n\t\t\t\t\t<a href='https:\/\/www.gewandfantasien.de\/bloggen\/wp-content\/uploads\/2014\/11\/back1.jpg' title='Tageskleid Krinolinenzeit' target='_self'><img loading=\"lazy\" decoding=\"async\" width=\"150\" height=\"150\" src=\"https:\/\/www.gewandfantasien.de\/bloggen\/wp-content\/uploads\/2014\/11\/back1-150x150.jpg\" class=\"attachment-thumbnail size-thumbnail\" alt=\"Tageskleid Krinolinenzeit\" srcset=\"https:\/\/www.gewandfantasien.de\/bloggen\/wp-content\/uploads\/2014\/11\/back1-150x150.jpg 150w, https:\/\/www.gewandfantasien.de\/bloggen\/wp-content\/uploads\/2014\/11\/back1-300x300.jpg 300w, https:\/\/www.gewandfantasien.de\/bloggen\/wp-content\/uploads\/2014\/11\/back1-100x100.jpg 100w\" sizes=\"(max-width: 150px) 100vw, 150px\" \/><\/a>\n\t\t\t\t<\/div>\n\t\t\t\t\t<div class='wp-caption-text gallery-caption'>\n\t\t\t\t\t\t<p>\n\t\t\t\t\t\tTageskleid der Krinolinenzeit, zweiteilig. Anfertigung f\u00fcr eine Kundin aus gestellten Stoffen\n\t\t\t\t\t\t<\/p>\n\t\t\t\t\t<\/div><\/div><\/div>\n<\/div>\n<h4>Tourn\u00fcrenzeit<\/h4>\n<p>ca. 1870-1890<br \/>\n<a href=\"http:\/\/www.gewandfantasien.de\/historische-kleidung\/tournuerenzeit\/\">Tourn\u00fcrenmode im Shop<\/a><\/p>\n<div class=\"wc-gallery\"><div id='gallery-5' data-gutter-width='5' data-columns='3' class='gallery wc-gallery-captions-onhover gallery-link-file gallery-masonry galleryid-660 gallery-columns-3 gallery-size-thumbnail wc-gallery-bottomspace-default wc-gallery-clear'><div class='gallery-item gallery-item-position-1 gallery-item-attachment-688'>\n\t\t\t\t<div class='gallery-icon portrait'>\n\t\t\t\t\t<a href='https:\/\/www.gewandfantasien.de\/bloggen\/wp-content\/uploads\/2014\/11\/17.jpg' title='Fr\u00fche Tourn\u00fcre um 1775' target='_self'><img loading=\"lazy\" decoding=\"async\" width=\"150\" height=\"150\" src=\"https:\/\/www.gewandfantasien.de\/bloggen\/wp-content\/uploads\/2014\/11\/17-150x150.jpg\" class=\"attachment-thumbnail size-thumbnail\" alt=\"Fr\u00fche Tourn\u00fcre um 1775\" srcset=\"https:\/\/www.gewandfantasien.de\/bloggen\/wp-content\/uploads\/2014\/11\/17-150x150.jpg 150w, https:\/\/www.gewandfantasien.de\/bloggen\/wp-content\/uploads\/2014\/11\/17-300x300.jpg 300w, https:\/\/www.gewandfantasien.de\/bloggen\/wp-content\/uploads\/2014\/11\/17-100x100.jpg 100w\" sizes=\"(max-width: 150px) 100vw, 150px\" \/><\/a>\n\t\t\t\t<\/div>\n\t\t\t\t\t<div class='wp-caption-text gallery-caption'>\n\t\t\t\t\t\t<p>\n\t\t\t\t\t\tFr\u00fche Tourn\u00fcre nach eigenem Entwurf, basierend auf Modekupfern um 1775. Bilder von Blacksparrow\n\t\t\t\t\t\t<\/p>\n\t\t\t\t\t<\/div><\/div><div class='gallery-item gallery-item-position-2 gallery-item-attachment-689'>\n\t\t\t\t<div class='gallery-icon landscape'>\n\t\t\t\t\t<a href='https:\/\/www.gewandfantasien.de\/bloggen\/wp-content\/uploads\/2014\/11\/18-750x499.jpg' title='Fr\u00fche Tourn\u00fcre um 1775' target='_self'><img loading=\"lazy\" decoding=\"async\" width=\"150\" height=\"150\" src=\"https:\/\/www.gewandfantasien.de\/bloggen\/wp-content\/uploads\/2014\/11\/18-150x150.jpg\" class=\"attachment-thumbnail size-thumbnail\" alt=\"Fr\u00fche Tourn\u00fcre um 1775\" srcset=\"https:\/\/www.gewandfantasien.de\/bloggen\/wp-content\/uploads\/2014\/11\/18-150x150.jpg 150w, https:\/\/www.gewandfantasien.de\/bloggen\/wp-content\/uploads\/2014\/11\/18-300x300.jpg 300w, https:\/\/www.gewandfantasien.de\/bloggen\/wp-content\/uploads\/2014\/11\/18-100x100.jpg 100w\" sizes=\"(max-width: 150px) 100vw, 150px\" \/><\/a>\n\t\t\t\t<\/div>\n\t\t\t\t\t<div class='wp-caption-text gallery-caption'>\n\t\t\t\t\t\t<p>\n\t\t\t\t\t\tFr\u00fche Tourn\u00fcre nach eigenem Entwurf, basierend auf Modekupfern um 1775. Bilder von Blacksparrow\n\t\t\t\t\t\t<\/p>\n\t\t\t\t\t<\/div><\/div><div class='gallery-item gallery-item-position-3 gallery-item-attachment-690'>\n\t\t\t\t<div class='gallery-icon portrait'>\n\t\t\t\t\t<a href='https:\/\/www.gewandfantasien.de\/bloggen\/wp-content\/uploads\/2014\/11\/19.jpg' title='Fr\u00fche Tourn\u00fcre um 1775' target='_self'><img loading=\"lazy\" decoding=\"async\" width=\"150\" height=\"150\" src=\"https:\/\/www.gewandfantasien.de\/bloggen\/wp-content\/uploads\/2014\/11\/19-150x150.jpg\" class=\"attachment-thumbnail size-thumbnail\" alt=\"Fr\u00fche Tourn\u00fcre um 1775\" srcset=\"https:\/\/www.gewandfantasien.de\/bloggen\/wp-content\/uploads\/2014\/11\/19-150x150.jpg 150w, https:\/\/www.gewandfantasien.de\/bloggen\/wp-content\/uploads\/2014\/11\/19-300x300.jpg 300w, https:\/\/www.gewandfantasien.de\/bloggen\/wp-content\/uploads\/2014\/11\/19-100x100.jpg 100w\" sizes=\"(max-width: 150px) 100vw, 150px\" \/><\/a>\n\t\t\t\t<\/div>\n\t\t\t\t\t<div class='wp-caption-text gallery-caption'>\n\t\t\t\t\t\t<p>\n\t\t\t\t\t\tFr\u00fche Tourn\u00fcre nach eigenem Entwurf, basierend auf Modekupfern um 1775. Bilder von Blacksparrow\n\t\t\t\t\t\t<\/p>\n\t\t\t\t\t<\/div><\/div><div class='gallery-item gallery-item-position-4 gallery-item-attachment-1498'>\n\t\t\t\t<div class='gallery-icon portrait'>\n\t\t\t\t\t<a href='https:\/\/www.gewandfantasien.de\/bloggen\/wp-content\/uploads\/2014\/11\/Uniformrock-Mecklenburg-1-683x1024.jpg' title='Uniformrock-Mecklenburg-1' target='_self'><img loading=\"lazy\" decoding=\"async\" width=\"150\" height=\"150\" src=\"https:\/\/www.gewandfantasien.de\/bloggen\/wp-content\/uploads\/2014\/11\/Uniformrock-Mecklenburg-1-150x150.jpg\" class=\"attachment-thumbnail size-thumbnail\" alt=\"Uniformrock Mecklenburg-Schwerin\" srcset=\"https:\/\/www.gewandfantasien.de\/bloggen\/wp-content\/uploads\/2014\/11\/Uniformrock-Mecklenburg-1-150x150.jpg 150w, https:\/\/www.gewandfantasien.de\/bloggen\/wp-content\/uploads\/2014\/11\/Uniformrock-Mecklenburg-1-300x300.jpg 300w, https:\/\/www.gewandfantasien.de\/bloggen\/wp-content\/uploads\/2014\/11\/Uniformrock-Mecklenburg-1-100x100.jpg 100w\" sizes=\"(max-width: 150px) 100vw, 150px\" \/><\/a>\n\t\t\t\t<\/div>\n\t\t\t\t\t<div class='wp-caption-text gallery-caption'>\n\t\t\t\t\t\t<p>\n\t\t\t\t\t\tUniformrock Mecklenburg-Schwerin\n\t\t\t\t\t\t<\/p>\n\t\t\t\t\t<\/div><\/div><div class='gallery-item gallery-item-position-5 gallery-item-attachment-1499'>\n\t\t\t\t<div class='gallery-icon portrait'>\n\t\t\t\t\t<a href='https:\/\/www.gewandfantasien.de\/bloggen\/wp-content\/uploads\/2014\/11\/Uniformrock-Mecklenburg-2-683x1024.jpg' title='Uniformrock-Mecklenburg-2' target='_self'><img loading=\"lazy\" decoding=\"async\" width=\"150\" height=\"150\" src=\"https:\/\/www.gewandfantasien.de\/bloggen\/wp-content\/uploads\/2014\/11\/Uniformrock-Mecklenburg-2-150x150.jpg\" class=\"attachment-thumbnail size-thumbnail\" alt=\"Uniformrock Mecklenburg-Schwerin\" srcset=\"https:\/\/www.gewandfantasien.de\/bloggen\/wp-content\/uploads\/2014\/11\/Uniformrock-Mecklenburg-2-150x150.jpg 150w, https:\/\/www.gewandfantasien.de\/bloggen\/wp-content\/uploads\/2014\/11\/Uniformrock-Mecklenburg-2-300x300.jpg 300w, https:\/\/www.gewandfantasien.de\/bloggen\/wp-content\/uploads\/2014\/11\/Uniformrock-Mecklenburg-2-100x100.jpg 100w\" sizes=\"(max-width: 150px) 100vw, 150px\" \/><\/a>\n\t\t\t\t<\/div>\n\t\t\t\t\t<div class='wp-caption-text gallery-caption'>\n\t\t\t\t\t\t<p>\n\t\t\t\t\t\tUniformrock Mecklenburg-Schwerin\n\t\t\t\t\t\t<\/p>\n\t\t\t\t\t<\/div><\/div><\/div>\n<\/div>\n<p>&nbsp;<\/p>\n<div class=\"wc-gallery\"><div id='gallery-6' data-gutter-width='5' data-columns='3' class='gallery wc-gallery-captions-onhover gallery-link-file gallery-masonry galleryid-660 gallery-columns-3 gallery-size-thumbnail wc-gallery-bottomspace-default wc-gallery-clear'><div class='gallery-item gallery-item-position-1 gallery-item-attachment-695'>\n\t\t\t\t<div class='gallery-icon portrait'>\n\t\t\t\t\t<a href='https:\/\/www.gewandfantasien.de\/bloggen\/wp-content\/uploads\/2014\/11\/natural-form-kleid-1880.png' title='Kleid Natural Form um 1880' target='_self'><img loading=\"lazy\" decoding=\"async\" width=\"150\" height=\"150\" src=\"https:\/\/www.gewandfantasien.de\/bloggen\/wp-content\/uploads\/2014\/11\/natural-form-kleid-1880-150x150.png\" class=\"attachment-thumbnail size-thumbnail\" alt=\"Kleid Natural Form um 1880\" srcset=\"https:\/\/www.gewandfantasien.de\/bloggen\/wp-content\/uploads\/2014\/11\/natural-form-kleid-1880-150x150.png 150w, https:\/\/www.gewandfantasien.de\/bloggen\/wp-content\/uploads\/2014\/11\/natural-form-kleid-1880-300x300.png 300w, https:\/\/www.gewandfantasien.de\/bloggen\/wp-content\/uploads\/2014\/11\/natural-form-kleid-1880-100x100.png 100w\" sizes=\"(max-width: 150px) 100vw, 150px\" \/><\/a>\n\t\t\t\t<\/div>\n\t\t\t\t\t<div class='wp-caption-text gallery-caption'>\n\t\t\t\t\t\t<p>\n\t\t\t\t\t\tKleid der Natural Form-Zeit oder K\u00fcrassmode um 1880. Bild von rolphus photohgraphy.\n\t\t\t\t\t\t<\/p>\n\t\t\t\t\t<\/div><\/div><div class='gallery-item gallery-item-position-2 gallery-item-attachment-696'>\n\t\t\t\t<div class='gallery-icon portrait'>\n\t\t\t\t\t<a href='https:\/\/www.gewandfantasien.de\/bloggen\/wp-content\/uploads\/2014\/11\/portrait-681x1024.jpg' title='Kleid Natural Form um 1880' target='_self'><img loading=\"lazy\" decoding=\"async\" width=\"150\" height=\"150\" src=\"https:\/\/www.gewandfantasien.de\/bloggen\/wp-content\/uploads\/2014\/11\/portrait-150x150.jpg\" class=\"attachment-thumbnail size-thumbnail\" alt=\"Kleid Natural Form um 1880\" srcset=\"https:\/\/www.gewandfantasien.de\/bloggen\/wp-content\/uploads\/2014\/11\/portrait-150x150.jpg 150w, https:\/\/www.gewandfantasien.de\/bloggen\/wp-content\/uploads\/2014\/11\/portrait-300x300.jpg 300w, https:\/\/www.gewandfantasien.de\/bloggen\/wp-content\/uploads\/2014\/11\/portrait-100x100.jpg 100w\" sizes=\"(max-width: 150px) 100vw, 150px\" \/><\/a>\n\t\t\t\t<\/div>\n\t\t\t\t\t<div class='wp-caption-text gallery-caption'>\n\t\t\t\t\t\t<p>\n\t\t\t\t\t\tKleid der Natural Form-Zeit oder K\u00fcrassmode um 1880. Bild von rolphus photohgraphy.\n\t\t\t\t\t\t<\/p>\n\t\t\t\t\t<\/div><\/div><\/div>\n<\/div>\n<h4>50er Jahre<\/h4>\n<p>Mode dieser Zeit stelle ich bisher nur auf Anfrage her. <a href=\"http:\/\/www.gewandfantasien.de\/contact\">Schreibt mir einfach<\/a>!<\/p>\n<div class=\"wc-gallery\"><div id='gallery-7' data-gutter-width='5' data-columns='3' class='gallery wc-gallery-captions-onhover gallery-link-file gallery-masonry galleryid-660 gallery-columns-3 gallery-size-thumbnail wc-gallery-bottomspace-default wc-gallery-clear'><div class='gallery-item gallery-item-position-1 gallery-item-attachment-683'>\n\t\t\t\t<div class='gallery-icon portrait'>\n\t\t\t\t\t<a href='https:\/\/www.gewandfantasien.de\/bloggen\/wp-content\/uploads\/2014\/11\/front.jpg' title='Kleid um 1950' target='_self'><img loading=\"lazy\" decoding=\"async\" width=\"150\" height=\"150\" src=\"https:\/\/www.gewandfantasien.de\/bloggen\/wp-content\/uploads\/2014\/11\/front-150x150.jpg\" class=\"attachment-thumbnail size-thumbnail\" alt=\"Kleid um 1950\" srcset=\"https:\/\/www.gewandfantasien.de\/bloggen\/wp-content\/uploads\/2014\/11\/front-150x150.jpg 150w, https:\/\/www.gewandfantasien.de\/bloggen\/wp-content\/uploads\/2014\/11\/front-300x300.jpg 300w, https:\/\/www.gewandfantasien.de\/bloggen\/wp-content\/uploads\/2014\/11\/front-100x100.jpg 100w\" sizes=\"(max-width: 150px) 100vw, 150px\" \/><\/a>\n\t\t\t\t<\/div>\n\t\t\t\t\t<div class='wp-caption-text gallery-caption'>\n\t\t\t\t\t\t<p>\n\t\t\t\t\t\t50er Seidenkleid in tea-length, getragen mit Petticoat\n\t\t\t\t\t\t<\/p>\n\t\t\t\t\t<\/div><\/div><div class='gallery-item gallery-item-position-2 gallery-item-attachment-684'>\n\t\t\t\t<div class='gallery-icon portrait'>\n\t\t\t\t\t<a href='https:\/\/www.gewandfantasien.de\/bloggen\/wp-content\/uploads\/2014\/11\/glance.jpg' title='Kleid um 1950' target='_self'><img loading=\"lazy\" decoding=\"async\" width=\"150\" height=\"150\" src=\"https:\/\/www.gewandfantasien.de\/bloggen\/wp-content\/uploads\/2014\/11\/glance-150x150.jpg\" class=\"attachment-thumbnail size-thumbnail\" alt=\"Kleid um 1950\" srcset=\"https:\/\/www.gewandfantasien.de\/bloggen\/wp-content\/uploads\/2014\/11\/glance-150x150.jpg 150w, https:\/\/www.gewandfantasien.de\/bloggen\/wp-content\/uploads\/2014\/11\/glance-300x300.jpg 300w, https:\/\/www.gewandfantasien.de\/bloggen\/wp-content\/uploads\/2014\/11\/glance-100x100.jpg 100w\" sizes=\"(max-width: 150px) 100vw, 150px\" \/><\/a>\n\t\t\t\t<\/div>\n\t\t\t\t\t<div class='wp-caption-text gallery-caption'>\n\t\t\t\t\t\t<p>\n\t\t\t\t\t\t50er Seidenkleid in tea-length, getragen mit Petticoat\n\t\t\t\t\t\t<\/p>\n\t\t\t\t\t<\/div><\/div><div class='gallery-item gallery-item-position-3 gallery-item-attachment-682'>\n\t\t\t\t<div class='gallery-icon portrait'>\n\t\t\t\t\t<a href='https:\/\/www.gewandfantasien.de\/bloggen\/wp-content\/uploads\/2014\/11\/skirt.jpg' title='Kleid um 1950' target='_self'><img loading=\"lazy\" decoding=\"async\" width=\"150\" height=\"150\" src=\"https:\/\/www.gewandfantasien.de\/bloggen\/wp-content\/uploads\/2014\/11\/skirt-150x150.jpg\" class=\"attachment-thumbnail size-thumbnail\" alt=\"Kleid um 1950\" srcset=\"https:\/\/www.gewandfantasien.de\/bloggen\/wp-content\/uploads\/2014\/11\/skirt-150x150.jpg 150w, https:\/\/www.gewandfantasien.de\/bloggen\/wp-content\/uploads\/2014\/11\/skirt-300x300.jpg 300w, https:\/\/www.gewandfantasien.de\/bloggen\/wp-content\/uploads\/2014\/11\/skirt-100x100.jpg 100w\" sizes=\"(max-width: 150px) 100vw, 150px\" \/><\/a>\n\t\t\t\t<\/div>\n\t\t\t\t\t<div class='wp-caption-text gallery-caption'>\n\t\t\t\t\t\t<p>\n\t\t\t\t\t\t50er Seidenkleid in tea-length, getragen mit Petticoat\n\t\t\t\t\t\t<\/p>\n\t\t\t\t\t<\/div><\/div><\/div>\n<\/div>\n<p>&nbsp;<\/p>\n","protected":false},"excerpt":{"rendered":"<p>In dieser Galerie finden sich historische Kleider, die im Laufe der letzten Jahre entstanden sind. Wenn du ein Kleid von mir hast und auf meinem Blog und\/oder hier in der Galerie erscheinen m\u00f6chtest, schicke mir gerne deine Bilder zu. Renaissance und Tudor Renaissance und Tudor im Shop Barock und Rokoko ca. 1640-1795 Barock und Rokoko [&hellip;]<\/p>\n","protected":false},"author":754,"featured_media":688,"parent":0,"menu_order":0,"comment_status":"open","ping_status":"open","template":"","meta":{"site-sidebar-layout":"default","site-content-layout":"","ast-site-content-layout":"default","site-content-style":"default","site-sidebar-style":"default","ast-global-header-display":"","ast-banner-title-visibility":"","ast-main-header-display":"","ast-hfb-above-header-display":"","ast-hfb-below-header-display":"","ast-hfb-mobile-header-display":"","site-post-title":"","ast-breadcrumbs-content":"","ast-featured-img":"","footer-sml-layout":"","ast-disable-related-posts":"","theme-transparent-header-meta":"","adv-header-id-meta":"","stick-header-meta":"","header-above-stick-meta":"","header-main-stick-meta":"","header-below-stick-meta":"","astra-migrate-meta-layouts":"default","ast-page-background-enabled":"default","ast-page-background-meta":{"desktop":{"background-color":"var(--ast-global-color-4)","background-image":"","background-repeat":"repeat","background-position":"center center","background-size":"auto","background-attachment":"scroll","background-type":"","background-media":"","overlay-type":"","overlay-color":"","overlay-opacity":"","overlay-gradient":""},"tablet":{"background-color":"","background-image":"","background-repeat":"repeat","background-position":"center center","background-size":"auto","background-attachment":"scroll","background-type":"","background-media":"","overlay-type":"","overlay-color":"","overlay-opacity":"","overlay-gradient":""},"mobile":{"background-color":"","background-image":"","background-repeat":"repeat","background-position":"center center","background-size":"auto","background-attachment":"scroll","background-type":"","background-media":"","overlay-type":"","overlay-color":"","overlay-opacity":"","overlay-gradient":""}},"ast-content-background-meta":{"desktop":{"background-color":"var(--ast-global-color-5)","background-image":"","background-repeat":"repeat","background-position":"center center","background-size":"auto","background-attachment":"scroll","background-type":"","background-media":"","overlay-type":"","overlay-color":"","overlay-opacity":"","overlay-gradient":""},"tablet":{"background-color":"var(--ast-global-color-5)","background-image":"","background-repeat":"repeat","background-position":"center center","background-size":"auto","background-attachment":"scroll","background-type":"","background-media":"","overlay-type":"","overlay-color":"","overlay-opacity":"","overlay-gradient":""},"mobile":{"background-color":"var(--ast-global-color-5)","background-image":"","background-repeat":"repeat","background-position":"center center","background-size":"auto","background-attachment":"scroll","background-type":"","background-media":"","overlay-type":"","overlay-color":"","overlay-opacity":"","overlay-gradient":""}},"footnotes":""},"class_list":["post-660","page","type-page","status-publish","has-post-thumbnail","hentry"],"yoast_head":"<!-- This site is optimized with the Yoast SEO plugin v27.5 - https:\/\/yoast.com\/product\/yoast-seo-wordpress\/ -->\n<title>historische Kleider - Gewandfantasien<\/title>\n<meta name=\"description\" content=\"Von Gewandfantasien erstellte historische Kleider - ein Ausschnitt.\" \/>\n<meta name=\"robots\" content=\"index, follow, max-snippet:-1, max-image-preview:large, max-video-preview:-1\" \/>\n<link rel=\"canonical\" href=\"https:\/\/www.gewandfantasien.de\/bloggen\/galerie-historische-kleider\/\" \/>\n<meta property=\"og:locale\" content=\"de_DE\" \/>\n<meta property=\"og:type\" content=\"article\" \/>\n<meta property=\"og:title\" content=\"historische Kleider - Gewandfantasien\" \/>\n<meta property=\"og:description\" content=\"Von Gewandfantasien erstellte historische Kleider - ein Ausschnitt.\" \/>\n<meta property=\"og:url\" content=\"https:\/\/www.gewandfantasien.de\/bloggen\/galerie-historische-kleider\/\" \/>\n<meta property=\"og:site_name\" content=\"Gewandfantasien\" \/>\n<meta property=\"article:publisher\" content=\"https:\/\/www.facebook.com\/Gewandfantasien\" \/>\n<meta property=\"article:modified_time\" content=\"2016-02-02T20:11:34+00:00\" \/>\n<meta property=\"og:image\" content=\"https:\/\/www.gewandfantasien.de\/bloggen\/wp-content\/uploads\/2014\/11\/17.jpg\" \/>\n\t<meta property=\"og:image:width\" content=\"533\" \/>\n\t<meta property=\"og:image:height\" content=\"800\" \/>\n\t<meta property=\"og:image:type\" content=\"image\/jpeg\" \/>\n<meta name=\"twitter:card\" content=\"summary_large_image\" \/>\n<meta name=\"twitter:site\" content=\"@Gewandfantasien\" \/>\n<meta name=\"twitter:label1\" content=\"Gesch\u00e4tzte Lesezeit\" \/>\n\t<meta name=\"twitter:data1\" content=\"1\u00a0Minute\" \/>\n<script type=\"application\/ld+json\" class=\"yoast-schema-graph\">{\"@context\":\"https:\\\/\\\/schema.org\",\"@graph\":[{\"@type\":\"WebPage\",\"@id\":\"https:\\\/\\\/www.gewandfantasien.de\\\/bloggen\\\/galerie-historische-kleider\\\/\",\"url\":\"https:\\\/\\\/www.gewandfantasien.de\\\/bloggen\\\/galerie-historische-kleider\\\/\",\"name\":\"historische Kleider - Gewandfantasien\",\"isPartOf\":{\"@id\":\"https:\\\/\\\/www.gewandfantasien.de\\\/bloggen\\\/#website\"},\"primaryImageOfPage\":{\"@id\":\"https:\\\/\\\/www.gewandfantasien.de\\\/bloggen\\\/galerie-historische-kleider\\\/#primaryimage\"},\"image\":{\"@id\":\"https:\\\/\\\/www.gewandfantasien.de\\\/bloggen\\\/galerie-historische-kleider\\\/#primaryimage\"},\"thumbnailUrl\":\"https:\\\/\\\/www.gewandfantasien.de\\\/bloggen\\\/wp-content\\\/uploads\\\/2014\\\/11\\\/17.jpg\",\"datePublished\":\"2014-11-01T22:07:02+00:00\",\"dateModified\":\"2016-02-02T20:11:34+00:00\",\"description\":\"Von Gewandfantasien erstellte historische Kleider - ein Ausschnitt.\",\"breadcrumb\":{\"@id\":\"https:\\\/\\\/www.gewandfantasien.de\\\/bloggen\\\/galerie-historische-kleider\\\/#breadcrumb\"},\"inLanguage\":\"de\",\"potentialAction\":[{\"@type\":\"ReadAction\",\"target\":[\"https:\\\/\\\/www.gewandfantasien.de\\\/bloggen\\\/galerie-historische-kleider\\\/\"]}]},{\"@type\":\"ImageObject\",\"inLanguage\":\"de\",\"@id\":\"https:\\\/\\\/www.gewandfantasien.de\\\/bloggen\\\/galerie-historische-kleider\\\/#primaryimage\",\"url\":\"https:\\\/\\\/www.gewandfantasien.de\\\/bloggen\\\/wp-content\\\/uploads\\\/2014\\\/11\\\/17.jpg\",\"contentUrl\":\"https:\\\/\\\/www.gewandfantasien.de\\\/bloggen\\\/wp-content\\\/uploads\\\/2014\\\/11\\\/17.jpg\",\"width\":533,\"height\":800,\"caption\":\"Fr\u00fche Tourn\u00fcre nach eigenem Entwurf, basierend auf Modekupfern um 1775. Bilder von Blacksparrow\"},{\"@type\":\"BreadcrumbList\",\"@id\":\"https:\\\/\\\/www.gewandfantasien.de\\\/bloggen\\\/galerie-historische-kleider\\\/#breadcrumb\",\"itemListElement\":[{\"@type\":\"ListItem\",\"position\":1,\"name\":\"Startseite\",\"item\":\"https:\\\/\\\/www.gewandfantasien.de\\\/bloggen\\\/\"},{\"@type\":\"ListItem\",\"position\":2,\"name\":\"historische Kleider\"}]},{\"@type\":\"WebSite\",\"@id\":\"https:\\\/\\\/www.gewandfantasien.de\\\/bloggen\\\/#website\",\"url\":\"https:\\\/\\\/www.gewandfantasien.de\\\/bloggen\\\/\",\"name\":\"Gewandfantasien\",\"description\":\"Dress your Fantasy\",\"publisher\":{\"@id\":\"https:\\\/\\\/www.gewandfantasien.de\\\/bloggen\\\/#organization\"},\"potentialAction\":[{\"@type\":\"SearchAction\",\"target\":{\"@type\":\"EntryPoint\",\"urlTemplate\":\"https:\\\/\\\/www.gewandfantasien.de\\\/bloggen\\\/?s={search_term_string}\"},\"query-input\":{\"@type\":\"PropertyValueSpecification\",\"valueRequired\":true,\"valueName\":\"search_term_string\"}}],\"inLanguage\":\"de\"},{\"@type\":\"Organization\",\"@id\":\"https:\\\/\\\/www.gewandfantasien.de\\\/bloggen\\\/#organization\",\"name\":\"Gewandfantasien\",\"url\":\"https:\\\/\\\/www.gewandfantasien.de\\\/bloggen\\\/\",\"logo\":{\"@type\":\"ImageObject\",\"inLanguage\":\"de\",\"@id\":\"https:\\\/\\\/www.gewandfantasien.de\\\/bloggen\\\/#\\\/schema\\\/logo\\\/image\\\/\",\"url\":\"https:\\\/\\\/www.gewandfantasien.de\\\/bloggen\\\/wp-content\\\/uploads\\\/2018\\\/03\\\/logo_gewandfantasien_kurz.png\",\"contentUrl\":\"https:\\\/\\\/www.gewandfantasien.de\\\/bloggen\\\/wp-content\\\/uploads\\\/2018\\\/03\\\/logo_gewandfantasien_kurz.png\",\"width\":250,\"height\":250,\"caption\":\"Gewandfantasien\"},\"image\":{\"@id\":\"https:\\\/\\\/www.gewandfantasien.de\\\/bloggen\\\/#\\\/schema\\\/logo\\\/image\\\/\"},\"sameAs\":[\"https:\\\/\\\/www.facebook.com\\\/Gewandfantasien\",\"https:\\\/\\\/x.com\\\/Gewandfantasien\",\"http:\\\/\\\/instagram.com\\\/gewandfantasien\",\"http:\\\/\\\/pinterest.com\\\/gewandfantasien\\\/\"]}]}<\/script>\n<!-- \/ Yoast SEO plugin. -->","yoast_head_json":{"title":"historische Kleider - Gewandfantasien","description":"Von Gewandfantasien erstellte historische Kleider - ein Ausschnitt.","robots":{"index":"index","follow":"follow","max-snippet":"max-snippet:-1","max-image-preview":"max-image-preview:large","max-video-preview":"max-video-preview:-1"},"canonical":"https:\/\/www.gewandfantasien.de\/bloggen\/galerie-historische-kleider\/","og_locale":"de_DE","og_type":"article","og_title":"historische Kleider - Gewandfantasien","og_description":"Von Gewandfantasien erstellte historische Kleider - ein Ausschnitt.","og_url":"https:\/\/www.gewandfantasien.de\/bloggen\/galerie-historische-kleider\/","og_site_name":"Gewandfantasien","article_publisher":"https:\/\/www.facebook.com\/Gewandfantasien","article_modified_time":"2016-02-02T20:11:34+00:00","og_image":[{"width":533,"height":800,"url":"https:\/\/www.gewandfantasien.de\/bloggen\/wp-content\/uploads\/2014\/11\/17.jpg","type":"image\/jpeg"}],"twitter_card":"summary_large_image","twitter_site":"@Gewandfantasien","twitter_misc":{"Gesch\u00e4tzte Lesezeit":"1\u00a0Minute"},"schema":{"@context":"https:\/\/schema.org","@graph":[{"@type":"WebPage","@id":"https:\/\/www.gewandfantasien.de\/bloggen\/galerie-historische-kleider\/","url":"https:\/\/www.gewandfantasien.de\/bloggen\/galerie-historische-kleider\/","name":"historische Kleider - Gewandfantasien","isPartOf":{"@id":"https:\/\/www.gewandfantasien.de\/bloggen\/#website"},"primaryImageOfPage":{"@id":"https:\/\/www.gewandfantasien.de\/bloggen\/galerie-historische-kleider\/#primaryimage"},"image":{"@id":"https:\/\/www.gewandfantasien.de\/bloggen\/galerie-historische-kleider\/#primaryimage"},"thumbnailUrl":"https:\/\/www.gewandfantasien.de\/bloggen\/wp-content\/uploads\/2014\/11\/17.jpg","datePublished":"2014-11-01T22:07:02+00:00","dateModified":"2016-02-02T20:11:34+00:00","description":"Von Gewandfantasien erstellte historische Kleider - ein Ausschnitt.","breadcrumb":{"@id":"https:\/\/www.gewandfantasien.de\/bloggen\/galerie-historische-kleider\/#breadcrumb"},"inLanguage":"de","potentialAction":[{"@type":"ReadAction","target":["https:\/\/www.gewandfantasien.de\/bloggen\/galerie-historische-kleider\/"]}]},{"@type":"ImageObject","inLanguage":"de","@id":"https:\/\/www.gewandfantasien.de\/bloggen\/galerie-historische-kleider\/#primaryimage","url":"https:\/\/www.gewandfantasien.de\/bloggen\/wp-content\/uploads\/2014\/11\/17.jpg","contentUrl":"https:\/\/www.gewandfantasien.de\/bloggen\/wp-content\/uploads\/2014\/11\/17.jpg","width":533,"height":800,"caption":"Fr\u00fche Tourn\u00fcre nach eigenem Entwurf, basierend auf Modekupfern um 1775. Bilder von Blacksparrow"},{"@type":"BreadcrumbList","@id":"https:\/\/www.gewandfantasien.de\/bloggen\/galerie-historische-kleider\/#breadcrumb","itemListElement":[{"@type":"ListItem","position":1,"name":"Startseite","item":"https:\/\/www.gewandfantasien.de\/bloggen\/"},{"@type":"ListItem","position":2,"name":"historische Kleider"}]},{"@type":"WebSite","@id":"https:\/\/www.gewandfantasien.de\/bloggen\/#website","url":"https:\/\/www.gewandfantasien.de\/bloggen\/","name":"Gewandfantasien","description":"Dress your Fantasy","publisher":{"@id":"https:\/\/www.gewandfantasien.de\/bloggen\/#organization"},"potentialAction":[{"@type":"SearchAction","target":{"@type":"EntryPoint","urlTemplate":"https:\/\/www.gewandfantasien.de\/bloggen\/?s={search_term_string}"},"query-input":{"@type":"PropertyValueSpecification","valueRequired":true,"valueName":"search_term_string"}}],"inLanguage":"de"},{"@type":"Organization","@id":"https:\/\/www.gewandfantasien.de\/bloggen\/#organization","name":"Gewandfantasien","url":"https:\/\/www.gewandfantasien.de\/bloggen\/","logo":{"@type":"ImageObject","inLanguage":"de","@id":"https:\/\/www.gewandfantasien.de\/bloggen\/#\/schema\/logo\/image\/","url":"https:\/\/www.gewandfantasien.de\/bloggen\/wp-content\/uploads\/2018\/03\/logo_gewandfantasien_kurz.png","contentUrl":"https:\/\/www.gewandfantasien.de\/bloggen\/wp-content\/uploads\/2018\/03\/logo_gewandfantasien_kurz.png","width":250,"height":250,"caption":"Gewandfantasien"},"image":{"@id":"https:\/\/www.gewandfantasien.de\/bloggen\/#\/schema\/logo\/image\/"},"sameAs":["https:\/\/www.facebook.com\/Gewandfantasien","https:\/\/x.com\/Gewandfantasien","http:\/\/instagram.com\/gewandfantasien","http:\/\/pinterest.com\/gewandfantasien\/"]}]}},"_links":{"self":[{"href":"https:\/\/www.gewandfantasien.de\/bloggen\/wp-json\/wp\/v2\/pages\/660","targetHints":{"allow":["GET"]}}],"collection":[{"href":"https:\/\/www.gewandfantasien.de\/bloggen\/wp-json\/wp\/v2\/pages"}],"about":[{"href":"https:\/\/www.gewandfantasien.de\/bloggen\/wp-json\/wp\/v2\/types\/page"}],"author":[{"embeddable":true,"href":"https:\/\/www.gewandfantasien.de\/bloggen\/wp-json\/wp\/v2\/users\/754"}],"replies":[{"embeddable":true,"href":"https:\/\/www.gewandfantasien.de\/bloggen\/wp-json\/wp\/v2\/comments?post=660"}],"version-history":[{"count":19,"href":"https:\/\/www.gewandfantasien.de\/bloggen\/wp-json\/wp\/v2\/pages\/660\/revisions"}],"predecessor-version":[{"id":1500,"href":"https:\/\/www.gewandfantasien.de\/bloggen\/wp-json\/wp\/v2\/pages\/660\/revisions\/1500"}],"wp:featuredmedia":[{"embeddable":true,"href":"https:\/\/www.gewandfantasien.de\/bloggen\/wp-json\/wp\/v2\/media\/688"}],"wp:attachment":[{"href":"https:\/\/www.gewandfantasien.de\/bloggen\/wp-json\/wp\/v2\/media?parent=660"}],"curies":[{"name":"wp","href":"https:\/\/api.w.org\/{rel}","templated":true}]}}